{"id":653,"date":"2011-09-22T21:31:00","date_gmt":"2011-09-22T19:31:00","guid":{"rendered":"http:\/\/fanfaredubono.fr\/?page_id=653"},"modified":"2026-04-28T15:25:30","modified_gmt":"2026-04-28T13:25:30","slug":"photos-2","status":"publish","type":"page","link":"https:\/\/fanfaredubono.fr\/index.php\/partitions\/new-blood\/photos-2\/","title":{"rendered":"Photos"},"content":{"rendered":"\r\n<h2 class=\"wp-block-heading\" style=\"text-align: center;\"><em>25 avril : Tourn\u00e9e du Top 14 \u00e0 Vannes<\/em><\/h2>\r\n<p style=\"text-align: center;\"><a href=\"https:\/\/fanfaredubono.fr\/index.php\/photos-2\/la-tournee-du-top-14-a-vannes\/\"><img loading=\"lazy\" decoding=\"async\" class=\"aligncenter wp-image-9807 size-full\" src=\"http:\/\/fanfaredubono.fr\/wp-content\/uploads\/2026\/04\/JHL9077_DxO.jpg\" alt=\"\" width=\"960\" height=\"657\" srcset=\"https:\/\/fanfaredubono.fr\/wp-content\/uploads\/2026\/04\/JHL9077_DxO.jpg 960w, https:\/\/fanfaredubono.fr\/wp-content\/uploads\/2026\/04\/JHL9077_DxO-300x205.jpg 300w, https:\/\/fanfaredubono.fr\/wp-content\/uploads\/2026\/04\/JHL9077_DxO-768x526.jpg 768w\" sizes=\"auto, (max-width: 960px) 100vw, 960px\" \/><\/a><\/p>\r\n<h2 style=\"text-align: center;\"><em>7 mars : Carnaval d&rsquo;Etel<\/em><\/h2>\r\n<p style=\"text-align: center;\"><a href=\"https:\/\/fanfaredubono.fr\/index.php\/photos-2\/carnaval-detel-2026\/\"><img loading=\"lazy\" decoding=\"async\" class=\"alignnone wp-image-9753 size-full\" src=\"http:\/\/fanfaredubono.fr\/wp-content\/uploads\/2026\/03\/JHL8141_DxO.jpeg\" alt=\"\" width=\"640\" height=\"445\" srcset=\"https:\/\/fanfaredubono.fr\/wp-content\/uploads\/2026\/03\/JHL8141_DxO.jpeg 640w, https:\/\/fanfaredubono.fr\/wp-content\/uploads\/2026\/03\/JHL8141_DxO-300x209.jpeg 300w\" sizes=\"auto, (max-width: 640px) 100vw, 640px\" \/><\/a><\/p>\r\n<h2 style=\"text-align: center;\"><em>20 d\u00e9cembre : No\u00ebl \u00e0 Vannes<\/em><\/h2>\r\n<p style=\"text-align: center;\"><a href=\"https:\/\/fanfaredubono.fr\/index.php\/photos-2\/noel-2025-a-vannes\/\"><img loading=\"lazy\" decoding=\"async\" class=\"alignnone wp-image-9551 size-full\" src=\"http:\/\/fanfaredubono.fr\/wp-content\/uploads\/2025\/12\/JHL7436_DxO.jpg\" alt=\"\" width=\"960\" height=\"652\" srcset=\"https:\/\/fanfaredubono.fr\/wp-content\/uploads\/2025\/12\/JHL7436_DxO.jpg 960w, https:\/\/fanfaredubono.fr\/wp-content\/uploads\/2025\/12\/JHL7436_DxO-300x204.jpg 300w, https:\/\/fanfaredubono.fr\/wp-content\/uploads\/2025\/12\/JHL7436_DxO-768x522.jpg 768w\" sizes=\"auto, (max-width: 960px) 100vw, 960px\" \/><\/a><\/p>\r\n<h2 style=\"text-align: center;\"><em>29 novembre : \u00ab\u00a0Faites\u00a0\u00bb des lumi\u00e8res de Kercado \u00e0 Vannes<\/em><\/h2>\r\n<p style=\"text-align: center;\"><a href=\"https:\/\/fanfaredubono.fr\/index.php\/photos-2\/faites-de-lumieres-de-kercado-2025\/\"><img loading=\"lazy\" decoding=\"async\" class=\"alignnone wp-image-9492 size-full\" src=\"http:\/\/fanfaredubono.fr\/wp-content\/uploads\/2025\/12\/JHL6954_DxO.jpg\" alt=\"\" width=\"960\" height=\"639\" srcset=\"https:\/\/fanfaredubono.fr\/wp-content\/uploads\/2025\/12\/JHL6954_DxO.jpg 960w, https:\/\/fanfaredubono.fr\/wp-content\/uploads\/2025\/12\/JHL6954_DxO-300x200.jpg 300w, https:\/\/fanfaredubono.fr\/wp-content\/uploads\/2025\/12\/JHL6954_DxO-768x511.jpg 768w\" sizes=\"auto, (max-width: 960px) 100vw, 960px\" \/><\/a><\/p>\r\n<h2 style=\"text-align: center;\"><em>15 novembre : L&rsquo;Etage avec Babylone Circus<\/em><\/h2>\r\n<p style=\"text-align: center;\"><a href=\"https:\/\/fanfaredubono.fr\/index.php\/photos-2\/concert-avec-babylone-circus\/\"><img loading=\"lazy\" decoding=\"async\" class=\"alignnone wp-image-9428 size-full\" src=\"http:\/\/fanfaredubono.fr\/wp-content\/uploads\/2025\/11\/JHL6220_DxO.jpg\" alt=\"\" width=\"960\" height=\"586\" srcset=\"https:\/\/fanfaredubono.fr\/wp-content\/uploads\/2025\/11\/JHL6220_DxO.jpg 960w, https:\/\/fanfaredubono.fr\/wp-content\/uploads\/2025\/11\/JHL6220_DxO-300x183.jpg 300w, https:\/\/fanfaredubono.fr\/wp-content\/uploads\/2025\/11\/JHL6220_DxO-768x469.jpg 768w\" sizes=\"auto, (max-width: 960px) 100vw, 960px\" \/><\/a><\/p>\r\n<h2 style=\"text-align: center;\"><em>15 novembre : le Colombier \u00e0 Rennes<\/em><\/h2>\r\n<p style=\"text-align: center;\"><a href=\"https:\/\/fanfaredubono.fr\/index.php\/photos-2\/presta-au-colombier\/\"><img loading=\"lazy\" decoding=\"async\" class=\"alignnone wp-image-9461 size-full\" src=\"http:\/\/fanfaredubono.fr\/wp-content\/uploads\/2025\/11\/JHL6120_DxO.jpg\" alt=\"\" width=\"960\" height=\"478\" srcset=\"https:\/\/fanfaredubono.fr\/wp-content\/uploads\/2025\/11\/JHL6120_DxO.jpg 960w, https:\/\/fanfaredubono.fr\/wp-content\/uploads\/2025\/11\/JHL6120_DxO-300x149.jpg 300w, https:\/\/fanfaredubono.fr\/wp-content\/uploads\/2025\/11\/JHL6120_DxO-768x382.jpg 768w\" sizes=\"auto, (max-width: 960px) 100vw, 960px\" \/><\/a><\/p>\r\n<h2>\u00a0<\/h2>\r\n<h2 style=\"text-align: center;\"><em>27 septembre : F\u00eate des Moustiks \u00e0 S\u00e9n\u00e9<\/em><\/h2>\r\n<p><a href=\"https:\/\/fanfaredubono.fr\/index.php\/photos-2\/fete-des-moustiks-de-sene\/\"><img loading=\"lazy\" decoding=\"async\" class=\"aligncenter wp-image-9394 size-full\" src=\"http:\/\/fanfaredubono.fr\/wp-content\/uploads\/2025\/09\/JHL5473_DxO.jpg\" alt=\"\" width=\"960\" height=\"665\" srcset=\"https:\/\/fanfaredubono.fr\/wp-content\/uploads\/2025\/09\/JHL5473_DxO.jpg 960w, https:\/\/fanfaredubono.fr\/wp-content\/uploads\/2025\/09\/JHL5473_DxO-300x208.jpg 300w, https:\/\/fanfaredubono.fr\/wp-content\/uploads\/2025\/09\/JHL5473_DxO-768x532.jpg 768w\" sizes=\"auto, (max-width: 960px) 100vw, 960px\" \/><\/a><\/p>\r\n<h2 style=\"text-align: center;\"><em>6 septembre : F\u00eate du Forban au Bono<\/em><\/h2>\r\n<p style=\"text-align: center;\"><a href=\"https:\/\/fanfaredubono.fr\/index.php\/photos-2\/fete-du-forban-2025\/\"><img loading=\"lazy\" decoding=\"async\" class=\"aligncenter wp-image-9335\" src=\"http:\/\/fanfaredubono.fr\/wp-content\/uploads\/2025\/09\/JHL4382_DxO.jpg\" alt=\"\" width=\"624\" height=\"699\" srcset=\"https:\/\/fanfaredubono.fr\/wp-content\/uploads\/2025\/09\/JHL4382_DxO.jpg 857w, https:\/\/fanfaredubono.fr\/wp-content\/uploads\/2025\/09\/JHL4382_DxO-268x300.jpg 268w, https:\/\/fanfaredubono.fr\/wp-content\/uploads\/2025\/09\/JHL4382_DxO-768x860.jpg 768w\" sizes=\"auto, (max-width: 624px) 100vw, 624px\" \/><\/a><\/p>\r\n<h2 style=\"text-align: center;\"><em>24 ao\u00fbt : Festival des Galettes du Monde<\/em><\/h2>\r\n<h2 style=\"text-align: center;\"><a href=\"https:\/\/fanfaredubono.fr\/index.php\/photos-2\/galettes-du-monde-2025\/\"><img loading=\"lazy\" decoding=\"async\" class=\"aligncenter wp-image-9280 size-full\" src=\"http:\/\/fanfaredubono.fr\/wp-content\/uploads\/2025\/08\/JHL3606_DxO.jpg\" alt=\"\" width=\"960\" height=\"678\" srcset=\"https:\/\/fanfaredubono.fr\/wp-content\/uploads\/2025\/08\/JHL3606_DxO.jpg 960w, https:\/\/fanfaredubono.fr\/wp-content\/uploads\/2025\/08\/JHL3606_DxO-300x212.jpg 300w, https:\/\/fanfaredubono.fr\/wp-content\/uploads\/2025\/08\/JHL3606_DxO-768x542.jpg 768w\" sizes=\"auto, (max-width: 960px) 100vw, 960px\" \/><\/a><\/h2>\r\n<h2 style=\"text-align: center;\"><em>et le trombinoscope des galettes<\/em><\/h2>\r\n<p style=\"text-align: center;\"><a href=\"https:\/\/fanfaredubono.fr\/index.php\/photos-2\/trombinoscope-des-galettes\/\"><img loading=\"lazy\" decoding=\"async\" class=\"aligncenter wp-image-9267 size-full\" src=\"http:\/\/fanfaredubono.fr\/wp-content\/uploads\/2025\/08\/JHL3424_DxO.jpg\" alt=\"\" width=\"960\" height=\"647\" srcset=\"https:\/\/fanfaredubono.fr\/wp-content\/uploads\/2025\/08\/JHL3424_DxO.jpg 960w, https:\/\/fanfaredubono.fr\/wp-content\/uploads\/2025\/08\/JHL3424_DxO-300x202.jpg 300w, https:\/\/fanfaredubono.fr\/wp-content\/uploads\/2025\/08\/JHL3424_DxO-768x518.jpg 768w\" sizes=\"auto, (max-width: 960px) 100vw, 960px\" \/><\/a><\/p>\r\n<h2 style=\"text-align: center;\"><em>22 ao\u00fbt : Nocturne au th\u00e9\u00e2tre de verdure de S\u00e9n\u00e9<\/em><\/h2>\r\n<p style=\"text-align: center;\"><a href=\"https:\/\/fanfaredubono.fr\/index.php\/photos-2\/nocturne-de-sene\/\"><img loading=\"lazy\" decoding=\"async\" class=\"aligncenter wp-image-9245 size-full\" src=\"http:\/\/fanfaredubono.fr\/wp-content\/uploads\/2025\/08\/JHL3268_DxO.jpg\" alt=\"\" width=\"960\" height=\"755\" srcset=\"https:\/\/fanfaredubono.fr\/wp-content\/uploads\/2025\/08\/JHL3268_DxO.jpg 960w, https:\/\/fanfaredubono.fr\/wp-content\/uploads\/2025\/08\/JHL3268_DxO-300x236.jpg 300w, https:\/\/fanfaredubono.fr\/wp-content\/uploads\/2025\/08\/JHL3268_DxO-768x604.jpg 768w\" sizes=\"auto, (max-width: 960px) 100vw, 960px\" \/><\/a><\/p>\r\n<h2 style=\"text-align: center;\"><em>26 juillet : le Petit Nuage \u00e0 la Machinerie de Baden<\/em><\/h2>\r\n<p style=\"text-align: center;\"><a href=\"https:\/\/fanfaredubono.fr\/index.php\/photos-2\/le-petit-nuage-a-la-machinerie-de-baden\/\"><img loading=\"lazy\" decoding=\"async\" class=\"aligncenter wp-image-9184 size-full\" src=\"http:\/\/fanfaredubono.fr\/wp-content\/uploads\/2025\/07\/JHL2369_DxO.jpg\" alt=\"\" width=\"960\" height=\"718\" srcset=\"https:\/\/fanfaredubono.fr\/wp-content\/uploads\/2025\/07\/JHL2369_DxO.jpg 960w, https:\/\/fanfaredubono.fr\/wp-content\/uploads\/2025\/07\/JHL2369_DxO-300x224.jpg 300w, https:\/\/fanfaredubono.fr\/wp-content\/uploads\/2025\/07\/JHL2369_DxO-768x574.jpg 768w\" sizes=\"auto, (max-width: 960px) 100vw, 960px\" \/><\/a><\/p>\r\n<h2 style=\"text-align: center;\"><em>5 juillet : La grande Tabl\u00e9e deuxi\u00e8me \u00e9dition<\/em><\/h2>\r\n<p style=\"text-align: center;\"><a href=\"https:\/\/fanfaredubono.fr\/index.php\/photos-2\/le-retour-des-canailles\/\"><img loading=\"lazy\" decoding=\"async\" class=\"aligncenter wp-image-9167 size-full\" src=\"http:\/\/fanfaredubono.fr\/wp-content\/uploads\/2025\/07\/JHL0978_DxO.jpg\" alt=\"\" width=\"960\" height=\"727\" srcset=\"https:\/\/fanfaredubono.fr\/wp-content\/uploads\/2025\/07\/JHL0978_DxO.jpg 960w, https:\/\/fanfaredubono.fr\/wp-content\/uploads\/2025\/07\/JHL0978_DxO-300x227.jpg 300w, https:\/\/fanfaredubono.fr\/wp-content\/uploads\/2025\/07\/JHL0978_DxO-768x582.jpg 768w\" sizes=\"auto, (max-width: 960px) 100vw, 960px\" \/><\/a><\/p>\r\n<h2 style=\"text-align: center;\"><em>26 juin : R\u00e9p\u00e9tition-concert au Bono<\/em><\/h2>\r\n<p style=\"text-align: center;\"><a href=\"https:\/\/fanfaredubono.fr\/index.php\/photos-2\/repetition-concert-au-bono\/\"><img loading=\"lazy\" decoding=\"async\" class=\"aligncenter wp-image-9146 size-full\" src=\"http:\/\/fanfaredubono.fr\/wp-content\/uploads\/2025\/07\/JHL0443_DxO-1.jpg\" alt=\"\" width=\"960\" height=\"616\" srcset=\"https:\/\/fanfaredubono.fr\/wp-content\/uploads\/2025\/07\/JHL0443_DxO-1.jpg 960w, https:\/\/fanfaredubono.fr\/wp-content\/uploads\/2025\/07\/JHL0443_DxO-1-300x193.jpg 300w, https:\/\/fanfaredubono.fr\/wp-content\/uploads\/2025\/07\/JHL0443_DxO-1-768x493.jpg 768w\" sizes=\"auto, (max-width: 960px) 100vw, 960px\" \/><\/a><\/p>\r\n<h2 style=\"text-align: center;\"><em>7 juin : F\u00eate de la Musique au Bono<\/em><\/h2>\r\n<p><a href=\"https:\/\/fanfaredubono.fr\/index.php\/photos-2\/fete-de-la-musique-le-bono-2025\/\"><img loading=\"lazy\" decoding=\"async\" class=\"alignright size-full wp-image-9043\" src=\"http:\/\/fanfaredubono.fr\/wp-content\/uploads\/2025\/06\/JHL0028_DxO.jpg\" alt=\"\" width=\"960\" height=\"725\" srcset=\"https:\/\/fanfaredubono.fr\/wp-content\/uploads\/2025\/06\/JHL0028_DxO.jpg 960w, https:\/\/fanfaredubono.fr\/wp-content\/uploads\/2025\/06\/JHL0028_DxO-300x227.jpg 300w, https:\/\/fanfaredubono.fr\/wp-content\/uploads\/2025\/06\/JHL0028_DxO-768x580.jpg 768w\" sizes=\"auto, (max-width: 960px) 100vw, 960px\" \/><\/a><\/p>\r\n<h2 style=\"text-align: center;\"><em>Set du Petit Mousse<\/em><\/h2>\r\n<p><a href=\"https:\/\/fanfaredubono.fr\/index.php\/photos-2\/set-du-petit-mousse\/\"><img loading=\"lazy\" decoding=\"async\" class=\"alignright size-full wp-image-9081\" src=\"http:\/\/fanfaredubono.fr\/wp-content\/uploads\/2025\/06\/JHL0318_DxO.jpeg\" alt=\"\" width=\"960\" height=\"682\" srcset=\"https:\/\/fanfaredubono.fr\/wp-content\/uploads\/2025\/06\/JHL0318_DxO.jpeg 960w, https:\/\/fanfaredubono.fr\/wp-content\/uploads\/2025\/06\/JHL0318_DxO-300x213.jpeg 300w, https:\/\/fanfaredubono.fr\/wp-content\/uploads\/2025\/06\/JHL0318_DxO-768x546.jpeg 768w\" sizes=\"auto, (max-width: 960px) 100vw, 960px\" \/><\/a><\/p>\r\n<h2 style=\"text-align: center;\"><em>30 mai : Semaine du Golfe au Traon<\/em><\/h2>\r\n<p><a href=\"https:\/\/fanfaredubono.fr\/index.php\/photos-2\/semaine-du-golfe-2025-le-traon\/\"><img loading=\"lazy\" decoding=\"async\" class=\"aligncenter wp-image-8973 size-full\" src=\"http:\/\/fanfaredubono.fr\/wp-content\/uploads\/2025\/06\/JHL9700_DxO.jpg\" alt=\"\" width=\"960\" height=\"716\" srcset=\"https:\/\/fanfaredubono.fr\/wp-content\/uploads\/2025\/06\/JHL9700_DxO.jpg 960w, https:\/\/fanfaredubono.fr\/wp-content\/uploads\/2025\/06\/JHL9700_DxO-300x224.jpg 300w, https:\/\/fanfaredubono.fr\/wp-content\/uploads\/2025\/06\/JHL9700_DxO-768x573.jpg 768w\" sizes=\"auto, (max-width: 960px) 100vw, 960px\" \/><\/a><\/p>\r\n<h2 style=\"text-align: center;\"><em>24 mai : Gare en F\u00eate \u00e0 Quiberon<\/em><\/h2>\r\n<p><a href=\"https:\/\/fanfaredubono.fr\/index.php\/photos-2\/gare-en-fete-a-quiberon-mai-2025\/\"><img loading=\"lazy\" decoding=\"async\" class=\"aligncenter wp-image-8986 size-full\" src=\"http:\/\/fanfaredubono.fr\/wp-content\/uploads\/2025\/06\/JHL0290_DxO.jpg\" alt=\"\" width=\"960\" height=\"691\" srcset=\"https:\/\/fanfaredubono.fr\/wp-content\/uploads\/2025\/06\/JHL0290_DxO.jpg 960w, https:\/\/fanfaredubono.fr\/wp-content\/uploads\/2025\/06\/JHL0290_DxO-300x216.jpg 300w, https:\/\/fanfaredubono.fr\/wp-content\/uploads\/2025\/06\/JHL0290_DxO-768x553.jpg 768w\" sizes=\"auto, (max-width: 960px) 100vw, 960px\" \/><\/a><\/p>\r\n<h2 style=\"text-align: center;\"><em>10 mai : Troph\u00e9e Ronsed Mor \u00e0 Locoal Mendon<\/em><\/h2>\r\n<p style=\"text-align: center;\"><a href=\"https:\/\/fanfaredubono.fr\/index.php\/photos-2\/trophee-ronsed-mor-a-locoal-mendon\/\"><img loading=\"lazy\" decoding=\"async\" class=\"alignnone wp-image-8917\" src=\"http:\/\/fanfaredubono.fr\/wp-content\/uploads\/2025\/05\/JHL8543_DxO.jpeg\" alt=\"\" width=\"902\" height=\"624\" srcset=\"https:\/\/fanfaredubono.fr\/wp-content\/uploads\/2025\/05\/JHL8543_DxO.jpeg 640w, https:\/\/fanfaredubono.fr\/wp-content\/uploads\/2025\/05\/JHL8543_DxO-300x208.jpeg 300w\" sizes=\"auto, (max-width: 902px) 100vw, 902px\" \/><\/a><\/p>\r\n<h3 style=\"text-align: center;\">le trombino<\/h3>\r\n<p style=\"text-align: center;\"><a href=\"https:\/\/fanfaredubono.fr\/index.php\/photos-2\/le-trombino-de-locoal-mendon\/\"><img loading=\"lazy\" decoding=\"async\" class=\"aligncenter wp-image-8956 size-full\" src=\"http:\/\/fanfaredubono.fr\/wp-content\/uploads\/2025\/05\/AA_JHL8364_DxO.jpg\" alt=\"\" width=\"960\" height=\"765\" srcset=\"https:\/\/fanfaredubono.fr\/wp-content\/uploads\/2025\/05\/AA_JHL8364_DxO.jpg 960w, https:\/\/fanfaredubono.fr\/wp-content\/uploads\/2025\/05\/AA_JHL8364_DxO-300x239.jpg 300w, https:\/\/fanfaredubono.fr\/wp-content\/uploads\/2025\/05\/AA_JHL8364_DxO-768x612.jpg 768w\" sizes=\"auto, (max-width: 960px) 100vw, 960px\" \/><\/a><\/p>\r\n<h2 style=\"text-align: center;\"><em>19 et 20 avril : rencontre de fanfares \u00e0 Groix<\/em><\/h2>\r\n<h3 style=\"text-align: center;\">La Ferme du Coustic<\/h3>\r\n<p style=\"text-align: center;\"><a href=\"https:\/\/fanfaredubono.fr\/index.php\/photos-2\/raffut-a-porh-coustic\/\"><img loading=\"lazy\" decoding=\"async\" class=\"aligncenter wp-image-8808 size-full\" src=\"http:\/\/fanfaredubono.fr\/wp-content\/uploads\/2025\/04\/JHL7478_DxO.jpg\" alt=\"\" width=\"960\" height=\"717\" srcset=\"https:\/\/fanfaredubono.fr\/wp-content\/uploads\/2025\/04\/JHL7478_DxO.jpg 960w, https:\/\/fanfaredubono.fr\/wp-content\/uploads\/2025\/04\/JHL7478_DxO-300x224.jpg 300w, https:\/\/fanfaredubono.fr\/wp-content\/uploads\/2025\/04\/JHL7478_DxO-768x574.jpg 768w\" sizes=\"auto, (max-width: 960px) 100vw, 960px\" \/><\/a><\/p>\r\n<h3 style=\"text-align: center;\">Le Parcabout<\/h3>\r\n<p style=\"text-align: center;\"><a href=\"https:\/\/fanfaredubono.fr\/index.php\/photos-2\/raffut-au-parcabout\/\"><img loading=\"lazy\" decoding=\"async\" class=\"aligncenter wp-image-8875 size-full\" src=\"http:\/\/fanfaredubono.fr\/wp-content\/uploads\/2025\/04\/JHL7157_DxO.jpg\" alt=\"\" width=\"960\" height=\"686\" srcset=\"https:\/\/fanfaredubono.fr\/wp-content\/uploads\/2025\/04\/JHL7157_DxO.jpg 960w, https:\/\/fanfaredubono.fr\/wp-content\/uploads\/2025\/04\/JHL7157_DxO-300x214.jpg 300w, https:\/\/fanfaredubono.fr\/wp-content\/uploads\/2025\/04\/JHL7157_DxO-768x549.jpg 768w\" sizes=\"auto, (max-width: 960px) 100vw, 960px\" \/><\/a><\/p>\r\n<h3 style=\"text-align: center;\">La soir\u00e9e Place du Leurrhe<\/h3>\r\n<p style=\"text-align: center;\"><a href=\"https:\/\/fanfaredubono.fr\/index.php\/photos-2\/raffut-place-du-leurrhe\/\"><img loading=\"lazy\" decoding=\"async\" class=\"aligncenter wp-image-8830 size-full\" src=\"http:\/\/fanfaredubono.fr\/wp-content\/uploads\/2025\/04\/JHL6967_DxO.jpg\" alt=\"\" width=\"960\" height=\"581\" srcset=\"https:\/\/fanfaredubono.fr\/wp-content\/uploads\/2025\/04\/JHL6967_DxO.jpg 960w, https:\/\/fanfaredubono.fr\/wp-content\/uploads\/2025\/04\/JHL6967_DxO-300x182.jpg 300w, https:\/\/fanfaredubono.fr\/wp-content\/uploads\/2025\/04\/JHL6967_DxO-768x465.jpg 768w\" sizes=\"auto, (max-width: 960px) 100vw, 960px\" \/><\/a><\/p>\r\n<h3 style=\"text-align: center;\">le Port<\/h3>\r\n<p><a href=\"https:\/\/fanfaredubono.fr\/index.php\/photos-2\/raffut-sur-le-port-de-groix\/\"><img loading=\"lazy\" decoding=\"async\" class=\"aligncenter wp-image-8866 size-full\" src=\"http:\/\/fanfaredubono.fr\/wp-content\/uploads\/2025\/04\/JHL6561_DxO.jpg\" alt=\"\" width=\"960\" height=\"561\" srcset=\"https:\/\/fanfaredubono.fr\/wp-content\/uploads\/2025\/04\/JHL6561_DxO.jpg 960w, https:\/\/fanfaredubono.fr\/wp-content\/uploads\/2025\/04\/JHL6561_DxO-300x175.jpg 300w, https:\/\/fanfaredubono.fr\/wp-content\/uploads\/2025\/04\/JHL6561_DxO-768x449.jpg 768w\" sizes=\"auto, (max-width: 960px) 100vw, 960px\" \/><\/a><\/p>\r\n<h2 style=\"text-align: center;\"><em>22 mars : le carnaval de M\u00e9nimur \u00e0 Vannes<\/em><\/h2>\r\n<p style=\"text-align: center;\"><a href=\"https:\/\/fanfaredubono.fr\/index.php\/photos-2\/carnaval-2025-de-menimur\/\"><img loading=\"lazy\" decoding=\"async\" class=\"aligncenter wp-image-8719 size-full\" src=\"http:\/\/fanfaredubono.fr\/wp-content\/uploads\/2025\/03\/JHL8958_DxO.jpg\" alt=\"\" width=\"960\" height=\"535\" srcset=\"https:\/\/fanfaredubono.fr\/wp-content\/uploads\/2025\/03\/JHL8958_DxO.jpg 960w, https:\/\/fanfaredubono.fr\/wp-content\/uploads\/2025\/03\/JHL8958_DxO-300x167.jpg 300w, https:\/\/fanfaredubono.fr\/wp-content\/uploads\/2025\/03\/JHL8958_DxO-768x428.jpg 768w\" sizes=\"auto, (max-width: 960px) 100vw, 960px\" \/><\/a><\/p>\r\n<h2 style=\"text-align: center;\"><em>15 d\u00e9cembre : le No\u00ebl de Concarneau<\/em><\/h2>\r\n<p style=\"text-align: center;\"><a href=\"http:\/\/fanfaredubono.fr\/index.php\/photos-2\/le-noel-2024-de-concarneau\/\"><img loading=\"lazy\" decoding=\"async\" class=\"aligncenter size-full wp-image-8661\" src=\"http:\/\/fanfaredubono.fr\/wp-content\/uploads\/2024\/12\/JHL4083_DxO.jpg\" alt=\"\" width=\"960\" height=\"700\" srcset=\"https:\/\/fanfaredubono.fr\/wp-content\/uploads\/2024\/12\/JHL4083_DxO.jpg 960w, https:\/\/fanfaredubono.fr\/wp-content\/uploads\/2024\/12\/JHL4083_DxO-300x219.jpg 300w, https:\/\/fanfaredubono.fr\/wp-content\/uploads\/2024\/12\/JHL4083_DxO-768x560.jpg 768w\" sizes=\"auto, (max-width: 960px) 100vw, 960px\" \/><\/a><\/p>\r\n<h2 style=\"text-align: center;\"><em>et son Trombinoscope<\/em><\/h2>\r\n<p><a href=\"http:\/\/fanfaredubono.fr\/index.php\/photos-2\/le-trombinoscope-du-noel-de-concarneau\/\"><img loading=\"lazy\" decoding=\"async\" class=\"aligncenter size-full wp-image-8646\" src=\"http:\/\/fanfaredubono.fr\/wp-content\/uploads\/2024\/12\/JHL4063_DxO.jpg\" alt=\"\" width=\"960\" height=\"736\" srcset=\"https:\/\/fanfaredubono.fr\/wp-content\/uploads\/2024\/12\/JHL4063_DxO.jpg 960w, https:\/\/fanfaredubono.fr\/wp-content\/uploads\/2024\/12\/JHL4063_DxO-300x230.jpg 300w, https:\/\/fanfaredubono.fr\/wp-content\/uploads\/2024\/12\/JHL4063_DxO-768x589.jpg 768w\" sizes=\"auto, (max-width: 960px) 100vw, 960px\" \/><\/a><\/p>\r\n<h2 style=\"text-align: center;\"><em>16 novembre : Le Grand Bal \u00e0 Ty Hanok<\/em><\/h2>\r\n<p><a href=\"http:\/\/fanfaredubono.fr\/index.php\/photos-2\/le-grand-bal-de-ty-hanok-2024\/\"><img loading=\"lazy\" decoding=\"async\" class=\"aligncenter wp-image-8539 size-full\" src=\"http:\/\/fanfaredubono.fr\/wp-content\/uploads\/2024\/11\/JHL2944_DxO-Grande.jpeg\" alt=\"\" width=\"1280\" height=\"818\" srcset=\"https:\/\/fanfaredubono.fr\/wp-content\/uploads\/2024\/11\/JHL2944_DxO-Grande.jpeg 1280w, https:\/\/fanfaredubono.fr\/wp-content\/uploads\/2024\/11\/JHL2944_DxO-Grande-300x192.jpeg 300w, https:\/\/fanfaredubono.fr\/wp-content\/uploads\/2024\/11\/JHL2944_DxO-Grande-1024x654.jpeg 1024w, https:\/\/fanfaredubono.fr\/wp-content\/uploads\/2024\/11\/JHL2944_DxO-Grande-768x491.jpeg 768w\" sizes=\"auto, (max-width: 1280px) 100vw, 1280px\" \/><\/a><\/p>\r\n<h2 style=\"text-align: center;\"><em>9 novembre : Le breton \u00a0en f\u00eate \u00e0 l&rsquo;\u00e9cole \u00e0 Pluvigner<\/em><\/h2>\r\n<p style=\"text-align: center;\"><a href=\"http:\/\/fanfaredubono.fr\/index.php\/photos-2\/pluvigner-fete-de-lecole-breton\/\"><img loading=\"lazy\" decoding=\"async\" class=\"aligncenter wp-image-8571 size-full\" src=\"http:\/\/fanfaredubono.fr\/wp-content\/uploads\/2024\/11\/PHOTO-2024-11-29-14-04-20-2.jpg\" alt=\"\" width=\"1599\" height=\"758\" srcset=\"https:\/\/fanfaredubono.fr\/wp-content\/uploads\/2024\/11\/PHOTO-2024-11-29-14-04-20-2.jpg 1599w, https:\/\/fanfaredubono.fr\/wp-content\/uploads\/2024\/11\/PHOTO-2024-11-29-14-04-20-2-300x142.jpg 300w, https:\/\/fanfaredubono.fr\/wp-content\/uploads\/2024\/11\/PHOTO-2024-11-29-14-04-20-2-1024x485.jpg 1024w, https:\/\/fanfaredubono.fr\/wp-content\/uploads\/2024\/11\/PHOTO-2024-11-29-14-04-20-2-768x364.jpg 768w, https:\/\/fanfaredubono.fr\/wp-content\/uploads\/2024\/11\/PHOTO-2024-11-29-14-04-20-2-1536x728.jpg 1536w\" sizes=\"auto, (max-width: 1599px) 100vw, 1599px\" \/><\/a><\/p>\r\n<h2 style=\"text-align: center;\"><em>28 septembre : le Triskell \u00e0 Ploeren<\/em><\/h2>\r\n<p style=\"text-align: center;\"><a href=\"http:\/\/fanfaredubono.fr\/index.php\/photos-2\/le-triskell-a-ploeren\/\"><img loading=\"lazy\" decoding=\"async\" class=\"aligncenter wp-image-8418 size-full\" src=\"http:\/\/fanfaredubono.fr\/wp-content\/uploads\/2024\/09\/JHL2847_DxO.jpg\" alt=\"\" width=\"960\" height=\"672\" srcset=\"https:\/\/fanfaredubono.fr\/wp-content\/uploads\/2024\/09\/JHL2847_DxO.jpg 960w, https:\/\/fanfaredubono.fr\/wp-content\/uploads\/2024\/09\/JHL2847_DxO-300x210.jpg 300w, https:\/\/fanfaredubono.fr\/wp-content\/uploads\/2024\/09\/JHL2847_DxO-768x538.jpg 768w\" sizes=\"auto, (max-width: 960px) 100vw, 960px\" \/><\/a><\/p>\r\n<p style=\"text-align: center;\">\u00a0<\/p>\r\n<h2 style=\"text-align: center;\"><em>7 septembre : F\u00eate du Forban au Bono<\/em><\/h2>\r\n<p style=\"text-align: center;\"><a href=\"http:\/\/fanfaredubono.fr\/index.php\/photos-2\/fete-du-forban-2024\/\"><img loading=\"lazy\" decoding=\"async\" class=\"aligncenter wp-image-8350 size-full\" src=\"http:\/\/fanfaredubono.fr\/wp-content\/uploads\/2024\/09\/JHL0985_DxO.jpg\" alt=\"\" width=\"960\" height=\"707\" srcset=\"https:\/\/fanfaredubono.fr\/wp-content\/uploads\/2024\/09\/JHL0985_DxO.jpg 960w, https:\/\/fanfaredubono.fr\/wp-content\/uploads\/2024\/09\/JHL0985_DxO-300x221.jpg 300w, https:\/\/fanfaredubono.fr\/wp-content\/uploads\/2024\/09\/JHL0985_DxO-768x566.jpg 768w\" sizes=\"auto, (max-width: 960px) 100vw, 960px\" \/><\/a><\/p>\r\n<h2 style=\"text-align: center;\"><em>6 juillet : La grande Tabl\u00e9e \u00e0 Saint Pierre Quiberon<\/em><\/h2>\r\n<p><a href=\"http:\/\/fanfaredubono.fr\/index.php\/photos-2\/la-grande-tablee-a-saint-pierre-quiberon\/\"><img loading=\"lazy\" decoding=\"async\" class=\"aligncenter wp-image-8286 size-full\" src=\"http:\/\/fanfaredubono.fr\/wp-content\/uploads\/2024\/07\/JHL7973_DxO.jpg\" alt=\"\" width=\"960\" height=\"521\" srcset=\"https:\/\/fanfaredubono.fr\/wp-content\/uploads\/2024\/07\/JHL7973_DxO.jpg 960w, https:\/\/fanfaredubono.fr\/wp-content\/uploads\/2024\/07\/JHL7973_DxO-300x163.jpg 300w, https:\/\/fanfaredubono.fr\/wp-content\/uploads\/2024\/07\/JHL7973_DxO-768x417.jpg 768w\" sizes=\"auto, (max-width: 960px) 100vw, 960px\" \/><\/a><\/p>\r\n<h2 style=\"text-align: center;\"><em>22 juin : les Arcs \u00a0f\u00eatent la musique \u00e0 Queven<\/em><\/h2>\r\n<p style=\"text-align: center;\"><a href=\"http:\/\/fanfaredubono.fr\/index.php\/photos-2\/fete-de-la-musique-aux-arcs-de-queven-2024\/\"><img loading=\"lazy\" decoding=\"async\" class=\"aligncenter wp-image-8252 size-full\" src=\"http:\/\/fanfaredubono.fr\/wp-content\/uploads\/2024\/06\/JHL7306_DxO.jpg\" alt=\"\" width=\"960\" height=\"661\" srcset=\"https:\/\/fanfaredubono.fr\/wp-content\/uploads\/2024\/06\/JHL7306_DxO.jpg 960w, https:\/\/fanfaredubono.fr\/wp-content\/uploads\/2024\/06\/JHL7306_DxO-300x207.jpg 300w, https:\/\/fanfaredubono.fr\/wp-content\/uploads\/2024\/06\/JHL7306_DxO-768x529.jpg 768w\" sizes=\"auto, (max-width: 960px) 100vw, 960px\" \/><\/a><\/p>\r\n<h2 style=\"text-align: center;\"><em>21 juin : f\u00eate de la musique \u00e0 Auray<\/em><\/h2>\r\n<p style=\"text-align: center;\"><a href=\"http:\/\/fanfaredubono.fr\/index.php\/photos-2\/fete-de-la-musique-2024-auray\/\"><img loading=\"lazy\" decoding=\"async\" class=\"aligncenter wp-image-8220 size-full\" src=\"http:\/\/fanfaredubono.fr\/wp-content\/uploads\/2024\/06\/JHL6778_DxO.jpg\" alt=\"\" width=\"960\" height=\"634\" srcset=\"https:\/\/fanfaredubono.fr\/wp-content\/uploads\/2024\/06\/JHL6778_DxO.jpg 960w, https:\/\/fanfaredubono.fr\/wp-content\/uploads\/2024\/06\/JHL6778_DxO-300x198.jpg 300w, https:\/\/fanfaredubono.fr\/wp-content\/uploads\/2024\/06\/JHL6778_DxO-768x507.jpg 768w\" sizes=\"auto, (max-width: 960px) 100vw, 960px\" \/><\/a><\/p>\r\n<h2 style=\"text-align: center;\"><em>8 juin : festival des brasseurs au \u00ab\u00a0Garage\u00a0\u00bb \u00e0 Etel<\/em><\/h2>\r\n<p style=\"text-align: center;\"><a href=\"http:\/\/fanfaredubono.fr\/index.php\/photos-2\/festival-des-brasseurs-au-garage-detel\/\"><img loading=\"lazy\" decoding=\"async\" class=\"aligncenter wp-image-8204 size-full\" src=\"http:\/\/fanfaredubono.fr\/wp-content\/uploads\/2024\/06\/JHL6370_DxO.jpg\" alt=\"\" width=\"960\" height=\"639\" srcset=\"https:\/\/fanfaredubono.fr\/wp-content\/uploads\/2024\/06\/JHL6370_DxO.jpg 960w, https:\/\/fanfaredubono.fr\/wp-content\/uploads\/2024\/06\/JHL6370_DxO-300x200.jpg 300w, https:\/\/fanfaredubono.fr\/wp-content\/uploads\/2024\/06\/JHL6370_DxO-768x511.jpg 768w\" sizes=\"auto, (max-width: 960px) 100vw, 960px\" \/><\/a><\/p>\r\n<h2 style=\"text-align: center;\"><em>30 mai : Les 60 ans de l&rsquo;Arche \u00e0 Saint Anne d&rsquo;Auray<\/em><\/h2>\r\n<p style=\"text-align: center;\"><a href=\"http:\/\/fanfaredubono.fr\/index.php\/photos-2\/les-60-ans-de-larche-a-saint-anne-dauray\/\"><img loading=\"lazy\" decoding=\"async\" class=\"aligncenter size-full wp-image-8153\" src=\"http:\/\/fanfaredubono.fr\/wp-content\/uploads\/2024\/06\/JHL5987_DxO.jpg\" alt=\"\" width=\"960\" height=\"661\" srcset=\"https:\/\/fanfaredubono.fr\/wp-content\/uploads\/2024\/06\/JHL5987_DxO.jpg 960w, https:\/\/fanfaredubono.fr\/wp-content\/uploads\/2024\/06\/JHL5987_DxO-300x207.jpg 300w, https:\/\/fanfaredubono.fr\/wp-content\/uploads\/2024\/06\/JHL5987_DxO-768x529.jpg 768w\" sizes=\"auto, (max-width: 960px) 100vw, 960px\" \/><\/a><\/p>\r\n<h2 style=\"text-align: center;\"><em>25 mai : Les Voiles Rouges \u00e0 S\u00e9n\u00e9<\/em><\/h2>\r\n<p style=\"text-align: center;\"><a href=\"http:\/\/fanfaredubono.fr\/index.php\/photos-2\/les-voiles-rouges-a-sene\/\"><img loading=\"lazy\" decoding=\"async\" class=\"aligncenter wp-image-8130 size-full\" src=\"http:\/\/fanfaredubono.fr\/wp-content\/uploads\/2024\/05\/PHOTO-2024-05-27-00-39-54-2.jpg\" alt=\"\" width=\"1600\" height=\"900\" srcset=\"https:\/\/fanfaredubono.fr\/wp-content\/uploads\/2024\/05\/PHOTO-2024-05-27-00-39-54-2.jpg 1600w, https:\/\/fanfaredubono.fr\/wp-content\/uploads\/2024\/05\/PHOTO-2024-05-27-00-39-54-2-300x169.jpg 300w, https:\/\/fanfaredubono.fr\/wp-content\/uploads\/2024\/05\/PHOTO-2024-05-27-00-39-54-2-1024x576.jpg 1024w, https:\/\/fanfaredubono.fr\/wp-content\/uploads\/2024\/05\/PHOTO-2024-05-27-00-39-54-2-768x432.jpg 768w, https:\/\/fanfaredubono.fr\/wp-content\/uploads\/2024\/05\/PHOTO-2024-05-27-00-39-54-2-1536x864.jpg 1536w\" sizes=\"auto, (max-width: 1600px) 100vw, 1600px\" \/><\/a><\/p>\r\n<h2 style=\"text-align: center;\"><em>19 mai : F\u00eate des thoniers \u00e0 Concarneau<\/em><\/h2>\r\n<p style=\"text-align: center;\"><a href=\"http:\/\/fanfaredubono.fr\/index.php\/photos-2\/la-fete-des-thoniers-de-concarneau\/\"><img loading=\"lazy\" decoding=\"async\" class=\"aligncenter size-full wp-image-8050\" src=\"http:\/\/fanfaredubono.fr\/wp-content\/uploads\/2024\/05\/JHL5767_DxO.jpg\" alt=\"\" width=\"960\" height=\"595\" srcset=\"https:\/\/fanfaredubono.fr\/wp-content\/uploads\/2024\/05\/JHL5767_DxO.jpg 960w, https:\/\/fanfaredubono.fr\/wp-content\/uploads\/2024\/05\/JHL5767_DxO-300x186.jpg 300w, https:\/\/fanfaredubono.fr\/wp-content\/uploads\/2024\/05\/JHL5767_DxO-768x476.jpg 768w\" sizes=\"auto, (max-width: 960px) 100vw, 960px\" \/><\/a><\/p>\r\n<h2 style=\"text-align: center;\"><em>18 mai : \u00a0escapade \u00e0 la pointe de Tr\u00e9vignon<\/em><\/h2>\r\n<p style=\"text-align: center;\"><a href=\"http:\/\/fanfaredubono.fr\/index.php\/photos-2\/pointe-de-trevignon\/\"><img loading=\"lazy\" decoding=\"async\" class=\"aligncenter size-full wp-image-8014\" src=\"http:\/\/fanfaredubono.fr\/wp-content\/uploads\/2024\/05\/JHL4325_DxO.jpg\" alt=\"\" width=\"960\" height=\"640\" srcset=\"https:\/\/fanfaredubono.fr\/wp-content\/uploads\/2024\/05\/JHL4325_DxO.jpg 960w, https:\/\/fanfaredubono.fr\/wp-content\/uploads\/2024\/05\/JHL4325_DxO-300x200.jpg 300w, https:\/\/fanfaredubono.fr\/wp-content\/uploads\/2024\/05\/JHL4325_DxO-768x512.jpg 768w\" sizes=\"auto, (max-width: 960px) 100vw, 960px\" \/><\/a><\/p>\r\n<h2 style=\"text-align: center;\"><em>4 mai : Festival \u00ab\u00a0Sur Me Zur\u00a0\u00bb \u00e0 Surzur<\/em><\/h2>\r\n<p style=\"text-align: center;\"><a href=\"http:\/\/fanfaredubono.fr\/index.php\/photos-2\/festival-sur-me-zure\/\"><img loading=\"lazy\" decoding=\"async\" class=\"aligncenter wp-image-7975 size-full\" src=\"http:\/\/fanfaredubono.fr\/wp-content\/uploads\/2024\/05\/JHL5406_DxO.jpg\" alt=\"\" width=\"960\" height=\"639\" srcset=\"https:\/\/fanfaredubono.fr\/wp-content\/uploads\/2024\/05\/JHL5406_DxO.jpg 960w, https:\/\/fanfaredubono.fr\/wp-content\/uploads\/2024\/05\/JHL5406_DxO-300x200.jpg 300w, https:\/\/fanfaredubono.fr\/wp-content\/uploads\/2024\/05\/JHL5406_DxO-768x511.jpg 768w\" sizes=\"auto, (max-width: 960px) 100vw, 960px\" \/><\/a><\/p>\r\n<p>&nbsp;<\/p>\r\n<h2 style=\"text-align: center;\"><em>23 mars : Carnaval \u00e0 Menimur<\/em><\/h2>\r\n<p style=\"text-align: center;\"><a href=\"http:\/\/fanfaredubono.fr\/index.php\/photos-2\/carnaval-de-menimur-2024\/\"><img loading=\"lazy\" decoding=\"async\" class=\"aligncenter wp-image-7921 size-large\" src=\"http:\/\/fanfaredubono.fr\/wp-content\/uploads\/2024\/04\/IMG_0159-1024x712.jpeg\" alt=\"\" width=\"640\" height=\"445\" srcset=\"https:\/\/fanfaredubono.fr\/wp-content\/uploads\/2024\/04\/IMG_0159-1024x712.jpeg 1024w, https:\/\/fanfaredubono.fr\/wp-content\/uploads\/2024\/04\/IMG_0159-300x209.jpeg 300w, https:\/\/fanfaredubono.fr\/wp-content\/uploads\/2024\/04\/IMG_0159-768x534.jpeg 768w, https:\/\/fanfaredubono.fr\/wp-content\/uploads\/2024\/04\/IMG_0159-1536x1068.jpeg 1536w, https:\/\/fanfaredubono.fr\/wp-content\/uploads\/2024\/04\/IMG_0159.jpeg 1900w\" sizes=\"auto, (max-width: 640px) 100vw, 640px\" \/><\/a><\/p>\r\n<h2 style=\"text-align: center;\"><em>17 d\u00e9cembre : No\u00ebl \u00e0 Auray<\/em><\/h2>\r\n<p style=\"text-align: center;\"><a href=\"http:\/\/fanfaredubono.fr\/index.php\/photos-2\/noel-2023-a-auray\/\"><img loading=\"lazy\" decoding=\"async\" class=\"aligncenter wp-image-7818 size-full\" src=\"http:\/\/fanfaredubono.fr\/wp-content\/uploads\/2023\/12\/STA_JHL3208_DxO.jpg\" alt=\"\" width=\"960\" height=\"643\" srcset=\"https:\/\/fanfaredubono.fr\/wp-content\/uploads\/2023\/12\/STA_JHL3208_DxO.jpg 960w, https:\/\/fanfaredubono.fr\/wp-content\/uploads\/2023\/12\/STA_JHL3208_DxO-300x201.jpg 300w, https:\/\/fanfaredubono.fr\/wp-content\/uploads\/2023\/12\/STA_JHL3208_DxO-768x514.jpg 768w\" sizes=\"auto, (max-width: 960px) 100vw, 960px\" \/><\/a><\/p>\r\n<h2 style=\"text-align: center;\"><em>2 d\u00e9cembre : Les Lumi\u00e8res de Retiers<\/em><\/h2>\r\n<p style=\"text-align: center;\"><a href=\"http:\/\/fanfaredubono.fr\/index.php\/photos-2\/fete-des-lumieres-2023-a-retiers\/\"><img loading=\"lazy\" decoding=\"async\" class=\"aligncenter wp-image-7766\" src=\"http:\/\/fanfaredubono.fr\/wp-content\/uploads\/2023\/12\/JHL2556_DxO-Grande-1024x574.jpeg\" alt=\"\" width=\"748\" height=\"419\" srcset=\"https:\/\/fanfaredubono.fr\/wp-content\/uploads\/2023\/12\/JHL2556_DxO-Grande-1024x574.jpeg 1024w, https:\/\/fanfaredubono.fr\/wp-content\/uploads\/2023\/12\/JHL2556_DxO-Grande-300x168.jpeg 300w, https:\/\/fanfaredubono.fr\/wp-content\/uploads\/2023\/12\/JHL2556_DxO-Grande-768x430.jpeg 768w, https:\/\/fanfaredubono.fr\/wp-content\/uploads\/2023\/12\/JHL2556_DxO-Grande.jpeg 1280w\" sizes=\"auto, (max-width: 748px) 100vw, 748px\" \/><\/a><\/p>\r\n<h2 style=\"text-align: center;\"><em>16 septembre : les Mains dans le sable \u00e0 Erdeven<\/em><\/h2>\r\n<p style=\"text-align: center;\"><a href=\"http:\/\/fanfaredubono.fr\/index.php\/photos-2\/les-mains-dans-le-sable-a-erdeven\/\"><img loading=\"lazy\" decoding=\"async\" class=\"aligncenter wp-image-7680\" src=\"http:\/\/fanfaredubono.fr\/wp-content\/uploads\/2023\/09\/JHL7993_DxO.jpg\" alt=\"\" width=\"745\" height=\"632\" srcset=\"https:\/\/fanfaredubono.fr\/wp-content\/uploads\/2023\/09\/JHL7993_DxO.jpg 960w, https:\/\/fanfaredubono.fr\/wp-content\/uploads\/2023\/09\/JHL7993_DxO-300x255.jpg 300w, https:\/\/fanfaredubono.fr\/wp-content\/uploads\/2023\/09\/JHL7993_DxO-768x652.jpg 768w\" sizes=\"auto, (max-width: 745px) 100vw, 745px\" \/><\/a><\/p>\r\n<h2 style=\"text-align: center;\"><em>30<\/em>\u00a0<em>ao\u00fbt<\/em>\u00a0<em>: les Canailles \u00e0 Saint Pierre Quiberon<\/em><\/h2>\r\n<p style=\"text-align: center;\"><a href=\"http:\/\/fanfaredubono.fr\/index.php\/photos-2\/les-canailles-2023\/\"><img loading=\"lazy\" decoding=\"async\" class=\"aligncenter wp-image-7614\" src=\"http:\/\/fanfaredubono.fr\/wp-content\/uploads\/2023\/08\/JHL6779_DxO.jpg\" alt=\"\" width=\"748\" height=\"457\" srcset=\"https:\/\/fanfaredubono.fr\/wp-content\/uploads\/2023\/08\/JHL6779_DxO.jpg 960w, https:\/\/fanfaredubono.fr\/wp-content\/uploads\/2023\/08\/JHL6779_DxO-300x183.jpg 300w, https:\/\/fanfaredubono.fr\/wp-content\/uploads\/2023\/08\/JHL6779_DxO-768x470.jpg 768w\" sizes=\"auto, (max-width: 748px) 100vw, 748px\" \/><\/a><\/p>\r\n<h2 class=\"wp-block-heading has-text-align-center\" style=\"text-align: center;\"><em>26 ao\u00fbt : Festival des Galettes du monde \u00e0 Sainte Anne d&rsquo;Auray<\/em><\/h2>\r\n<p><a href=\"http:\/\/fanfaredubono.fr\/wp-content\/uploads\/2023\/08\/JHL6222_DxO.jpg\"><img loading=\"lazy\" decoding=\"async\" class=\"aligncenter wp-image-7476\" src=\"http:\/\/fanfaredubono.fr\/wp-content\/uploads\/2023\/08\/JHL6222_DxO.jpg\" alt=\"\" width=\"748\" height=\"437\" srcset=\"https:\/\/fanfaredubono.fr\/wp-content\/uploads\/2023\/08\/JHL6222_DxO.jpg 960w, https:\/\/fanfaredubono.fr\/wp-content\/uploads\/2023\/08\/JHL6222_DxO-300x175.jpg 300w, https:\/\/fanfaredubono.fr\/wp-content\/uploads\/2023\/08\/JHL6222_DxO-768x449.jpg 768w\" sizes=\"auto, (max-width: 748px) 100vw, 748px\" \/><\/a><\/p>\r\n\r\n\r\n\r\n\r\n<div class=\"wp-block-image\">\r\n<figure class=\"aligncenter size-full is-resized\"><a href=\"http:\/\/fanfaredubono.fr\/index.php\/photos-2\/festival-de-galettes-du-monde-2023-la-nuit\/\"><img loading=\"lazy\" decoding=\"async\" class=\"aligncenter wp-image-7508\" src=\"http:\/\/fanfaredubono.fr\/wp-content\/uploads\/2023\/08\/JHL6531_DxO.jpg\" alt=\"\" width=\"748\" height=\"520\" srcset=\"https:\/\/fanfaredubono.fr\/wp-content\/uploads\/2023\/08\/JHL6531_DxO.jpg 960w, https:\/\/fanfaredubono.fr\/wp-content\/uploads\/2023\/08\/JHL6531_DxO-300x208.jpg 300w, https:\/\/fanfaredubono.fr\/wp-content\/uploads\/2023\/08\/JHL6531_DxO-768x534.jpg 768w\" sizes=\"auto, (max-width: 748px) 100vw, 748px\" \/><\/a><\/figure>\r\n<\/div>\r\n<h2 style=\"text-align: center;\"><em>2 juillet : Festival La Bougeotte \u00e0 Plumergat<\/em><\/h2>\r\n<p style=\"text-align: center;\"><a href=\"http:\/\/fanfaredubono.fr\/index.php\/photos-2\/festival-la-bougeotte\/\"><img loading=\"lazy\" decoding=\"async\" class=\"aligncenter wp-image-7413 \" src=\"http:\/\/fanfaredubono.fr\/wp-content\/uploads\/2023\/07\/JHL4190_DxO.jpg\" alt=\"\" width=\"748\" height=\"498\" srcset=\"https:\/\/fanfaredubono.fr\/wp-content\/uploads\/2023\/07\/JHL4190_DxO.jpg 960w, https:\/\/fanfaredubono.fr\/wp-content\/uploads\/2023\/07\/JHL4190_DxO-300x200.jpg 300w, https:\/\/fanfaredubono.fr\/wp-content\/uploads\/2023\/07\/JHL4190_DxO-768x511.jpg 768w\" sizes=\"auto, (max-width: 748px) 100vw, 748px\" \/><\/a><\/p>\r\n<h2 style=\"text-align: center;\"><em>23 juin : F\u00eate de la musique \u00e0 Elven<\/em><\/h2>\r\n<p style=\"text-align: center;\"><a href=\"http:\/\/fanfaredubono.fr\/index.php\/photos-2\/fete-de-la-musique-a-elven\/\"><img loading=\"lazy\" decoding=\"async\" class=\"aligncenter wp-image-7394 \" src=\"http:\/\/fanfaredubono.fr\/wp-content\/uploads\/2023\/06\/JHL3873_DxO.jpg\" alt=\"\" width=\"743\" height=\"495\" srcset=\"https:\/\/fanfaredubono.fr\/wp-content\/uploads\/2023\/06\/JHL3873_DxO.jpg 960w, https:\/\/fanfaredubono.fr\/wp-content\/uploads\/2023\/06\/JHL3873_DxO-300x200.jpg 300w, https:\/\/fanfaredubono.fr\/wp-content\/uploads\/2023\/06\/JHL3873_DxO-768x511.jpg 768w\" sizes=\"auto, (max-width: 743px) 100vw, 743px\" \/><\/a><\/p>\r\n<h2 style=\"text-align: center;\"><em>21 juin : F\u00eate de la musique \u00e0 Auray<\/em><\/h2>\r\n<p style=\"text-align: center;\"><a href=\"http:\/\/fanfaredubono.fr\/index.php\/photos-2\/la-fete-de-la-musique-2023-a-auray\/\"><img loading=\"lazy\" decoding=\"async\" class=\"aligncenter wp-image-7332 \" src=\"http:\/\/fanfaredubono.fr\/wp-content\/uploads\/2023\/06\/JHL2875_DxO.jpg\" alt=\"\" width=\"740\" height=\"493\" srcset=\"https:\/\/fanfaredubono.fr\/wp-content\/uploads\/2023\/06\/JHL2875_DxO.jpg 960w, https:\/\/fanfaredubono.fr\/wp-content\/uploads\/2023\/06\/JHL2875_DxO-300x200.jpg 300w, https:\/\/fanfaredubono.fr\/wp-content\/uploads\/2023\/06\/JHL2875_DxO-768x511.jpg 768w\" sizes=\"auto, (max-width: 740px) 100vw, 740px\" \/><\/a><\/p>\r\n<h2 style=\"text-align: center;\"><em>3 et 4 juin : Rencontre de Fanfares \u00e0 Quimper<\/em><\/h2>\r\n<p><a href=\"http:\/\/fanfaredubono.fr\/index.php\/photos-2\/rencontre-de-fanfares-juin-2023-quimper\/\"><img loading=\"lazy\" decoding=\"async\" class=\"aligncenter wp-image-7288 \" src=\"http:\/\/fanfaredubono.fr\/wp-content\/uploads\/2023\/06\/JHL2090_DxO.jpg\" alt=\"\" width=\"737\" height=\"645\" srcset=\"https:\/\/fanfaredubono.fr\/wp-content\/uploads\/2023\/06\/JHL2090_DxO.jpg 960w, https:\/\/fanfaredubono.fr\/wp-content\/uploads\/2023\/06\/JHL2090_DxO-300x263.jpg 300w, https:\/\/fanfaredubono.fr\/wp-content\/uploads\/2023\/06\/JHL2090_DxO-768x673.jpg 768w\" sizes=\"auto, (max-width: 737px) 100vw, 737px\" \/><\/a><\/p>\r\n<p style=\"text-align: center;\"><a href=\"http:\/\/fanfaredubono.fr\/index.php\/photos-2\/rencontre-de-fanfares-juin-2023-bords-de-lodet\/\"><img loading=\"lazy\" decoding=\"async\" class=\"aligncenter wp-image-7306 \" src=\"http:\/\/fanfaredubono.fr\/wp-content\/uploads\/2023\/06\/IMG_2870_DxO.jpg\" alt=\"\" width=\"756\" height=\"546\" srcset=\"https:\/\/fanfaredubono.fr\/wp-content\/uploads\/2023\/06\/IMG_2870_DxO.jpg 960w, https:\/\/fanfaredubono.fr\/wp-content\/uploads\/2023\/06\/IMG_2870_DxO-300x217.jpg 300w, https:\/\/fanfaredubono.fr\/wp-content\/uploads\/2023\/06\/IMG_2870_DxO-768x555.jpg 768w\" sizes=\"auto, (max-width: 756px) 100vw, 756px\" \/><\/a><\/p>\r\n<h2 style=\"text-align: center;\"><em>20 mai : Le Final \u00e0 S\u00e9n\u00e9<\/em><\/h2>\r\n<p style=\"text-align: center;\"><a href=\"http:\/\/fanfaredubono.fr\/index.php\/photos-2\/semaine-du-golfe-sene\/\"><img loading=\"lazy\" decoding=\"async\" class=\"aligncenter wp-image-7248 size-full\" src=\"http:\/\/fanfaredubono.fr\/wp-content\/uploads\/2023\/05\/JHL1470_DxO.jpg\" alt=\"\" width=\"960\" height=\"639\" srcset=\"https:\/\/fanfaredubono.fr\/wp-content\/uploads\/2023\/05\/JHL1470_DxO.jpg 960w, https:\/\/fanfaredubono.fr\/wp-content\/uploads\/2023\/05\/JHL1470_DxO-300x200.jpg 300w, https:\/\/fanfaredubono.fr\/wp-content\/uploads\/2023\/05\/JHL1470_DxO-768x511.jpg 768w\" sizes=\"auto, (max-width: 960px) 100vw, 960px\" \/><\/a><\/p>\r\n<h2 style=\"text-align: center;\"><em>19 mai : Semaine du Golfe \u00e0 Plougoumelen<\/em><\/h2>\r\n<p style=\"text-align: center;\"><a href=\"http:\/\/fanfaredubono.fr\/index.php\/photos-2\/semaine-du-golfe-2023-le-traon-a-plougoumelen\/\"><img loading=\"lazy\" decoding=\"async\" class=\"aligncenter wp-image-7199 size-full\" src=\"http:\/\/fanfaredubono.fr\/wp-content\/uploads\/2023\/05\/JHL0825_DxO.jpg\" alt=\"\" width=\"960\" height=\"597\" srcset=\"https:\/\/fanfaredubono.fr\/wp-content\/uploads\/2023\/05\/JHL0825_DxO.jpg 960w, https:\/\/fanfaredubono.fr\/wp-content\/uploads\/2023\/05\/JHL0825_DxO-300x187.jpg 300w, https:\/\/fanfaredubono.fr\/wp-content\/uploads\/2023\/05\/JHL0825_DxO-768x478.jpg 768w, https:\/\/fanfaredubono.fr\/wp-content\/uploads\/2023\/05\/JHL0825_DxO-320x200.jpg 320w\" sizes=\"auto, (max-width: 960px) 100vw, 960px\" \/><\/a><\/p>\r\n<h2 style=\"text-align: center;\"><em>18 mai : Semaine du Golfe \u00e0 Locmariaquer<\/em><\/h2>\r\n<p style=\"text-align: center;\"><a href=\"http:\/\/fanfaredubono.fr\/index.php\/photos-2\/semaine-du-golfe-2023-locmariaquer\/\"><img loading=\"lazy\" decoding=\"async\" class=\"aligncenter wp-image-7148 size-full\" src=\"http:\/\/fanfaredubono.fr\/wp-content\/uploads\/2023\/05\/JHL0014_DxO.jpg\" alt=\"\" width=\"960\" height=\"639\" srcset=\"https:\/\/fanfaredubono.fr\/wp-content\/uploads\/2023\/05\/JHL0014_DxO.jpg 960w, https:\/\/fanfaredubono.fr\/wp-content\/uploads\/2023\/05\/JHL0014_DxO-300x200.jpg 300w, https:\/\/fanfaredubono.fr\/wp-content\/uploads\/2023\/05\/JHL0014_DxO-768x511.jpg 768w\" sizes=\"auto, (max-width: 960px) 100vw, 960px\" \/><\/a><\/p>\r\n<h2 style=\"text-align: center;\"><em>17 mai : Semaine du Golfe \u00e0 Arradon<\/em><\/h2>\r\n<p style=\"text-align: center;\"><a href=\"http:\/\/fanfaredubono.fr\/index.php\/photos-2\/semaine-du-golfe-2023-arradon\/\"><img loading=\"lazy\" decoding=\"async\" class=\"aligncenter wp-image-7158 size-full\" src=\"http:\/\/fanfaredubono.fr\/wp-content\/uploads\/2023\/05\/JHL9740_DxO.jpg\" alt=\"\" width=\"960\" height=\"638\" srcset=\"https:\/\/fanfaredubono.fr\/wp-content\/uploads\/2023\/05\/JHL9740_DxO.jpg 960w, https:\/\/fanfaredubono.fr\/wp-content\/uploads\/2023\/05\/JHL9740_DxO-300x199.jpg 300w, https:\/\/fanfaredubono.fr\/wp-content\/uploads\/2023\/05\/JHL9740_DxO-768x510.jpg 768w\" sizes=\"auto, (max-width: 960px) 100vw, 960px\" \/><\/a><\/p>\r\n<h2 style=\"text-align: center;\"><em>7 mai : <\/em><strong>Le<\/strong><em> Bono a 75 ans<\/em><\/h2>\r\n<p style=\"text-align: center;\"><a href=\"http:\/\/fanfaredubono.fr\/index.php\/photos-2\/75-ans-de-le-bono\/\"><img loading=\"lazy\" decoding=\"async\" class=\"aligncenter wp-image-7120 size-full\" src=\"http:\/\/fanfaredubono.fr\/wp-content\/uploads\/2023\/05\/jhlavie_PHOTO-2023-05-08-12-30-29-Moyenne.jpeg\" alt=\"\" width=\"640\" height=\"480\" srcset=\"https:\/\/fanfaredubono.fr\/wp-content\/uploads\/2023\/05\/jhlavie_PHOTO-2023-05-08-12-30-29-Moyenne.jpeg 640w, https:\/\/fanfaredubono.fr\/wp-content\/uploads\/2023\/05\/jhlavie_PHOTO-2023-05-08-12-30-29-Moyenne-300x225.jpeg 300w\" sizes=\"auto, (max-width: 640px) 100vw, 640px\" \/><\/a><\/p>\r\n<h2 style=\"text-align: center;\"><em>5 mai : Premi\u00e8re partie de<\/em><em>s Zouffris aux Arcs \u00e0 Qu\u00e9ven<\/em><\/h2>\r\n<p style=\"text-align: center;\"><a href=\"http:\/\/fanfaredubono.fr\/index.php\/photos-2\/la-fanfare-en-premiere-partie-des-zouffris\/\"><img loading=\"lazy\" decoding=\"async\" class=\"aligncenter wp-image-7060 size-full\" src=\"http:\/\/fanfaredubono.fr\/wp-content\/uploads\/2023\/05\/JHL9109_DxO.jpg\" alt=\"\" width=\"960\" height=\"663\" srcset=\"https:\/\/fanfaredubono.fr\/wp-content\/uploads\/2023\/05\/JHL9109_DxO.jpg 960w, https:\/\/fanfaredubono.fr\/wp-content\/uploads\/2023\/05\/JHL9109_DxO-300x207.jpg 300w, https:\/\/fanfaredubono.fr\/wp-content\/uploads\/2023\/05\/JHL9109_DxO-768x530.jpg 768w\" sizes=\"auto, (max-width: 960px) 100vw, 960px\" \/><\/a><\/p>\r\n<h2 style=\"text-align: center;\"><em>27 avril : Soir\u00e9e partag\u00e9e avec les Hijos de Tuba<\/em><\/h2>\r\n<p style=\"text-align: center;\"><a href=\"http:\/\/fanfaredubono.fr\/index.php\/photos-2\/rencontre-avec-les-hijos-de-tuba\/\"><img loading=\"lazy\" decoding=\"async\" class=\"aligncenter wp-image-7022 size-full\" src=\"http:\/\/fanfaredubono.fr\/wp-content\/uploads\/2023\/04\/JHL8921_DxO.jpg\" alt=\"\" width=\"960\" height=\"639\" srcset=\"https:\/\/fanfaredubono.fr\/wp-content\/uploads\/2023\/04\/JHL8921_DxO.jpg 960w, https:\/\/fanfaredubono.fr\/wp-content\/uploads\/2023\/04\/JHL8921_DxO-300x200.jpg 300w, https:\/\/fanfaredubono.fr\/wp-content\/uploads\/2023\/04\/JHL8921_DxO-768x511.jpg 768w\" sizes=\"auto, (max-width: 960px) 100vw, 960px\" \/><\/a><\/p>\r\n<h2 style=\"text-align: center;\"><em>2 avril : Suite de la rencontre&#8230;<\/em><\/h2>\r\n<p style=\"text-align: center;\"><a href=\"http:\/\/fanfaredubono.fr\/index.php\/photos-2\/groix-le-lendemain\/\"><img loading=\"lazy\" decoding=\"async\" class=\"aligncenter wp-image-6994 size-full\" src=\"http:\/\/fanfaredubono.fr\/wp-content\/uploads\/2023\/04\/JHLAVIE8723_DxO.jpg\" alt=\"\" width=\"960\" height=\"535\" srcset=\"https:\/\/fanfaredubono.fr\/wp-content\/uploads\/2023\/04\/JHLAVIE8723_DxO.jpg 960w, https:\/\/fanfaredubono.fr\/wp-content\/uploads\/2023\/04\/JHLAVIE8723_DxO-300x167.jpg 300w, https:\/\/fanfaredubono.fr\/wp-content\/uploads\/2023\/04\/JHLAVIE8723_DxO-768x428.jpg 768w\" sizes=\"auto, (max-width: 960px) 100vw, 960px\" \/><\/a><\/p>\r\n<h2 style=\"text-align: center;\"><em>1er avril : Rencontre des fanfares \u00e0 Groix<\/em><\/h2>\r\n<p style=\"text-align: center;\"><a href=\"http:\/\/fanfaredubono.fr\/index.php\/photos-2\/groix-le-premier-jour\/\"><img loading=\"lazy\" decoding=\"async\" class=\"aligncenter wp-image-6917 size-full\" src=\"http:\/\/fanfaredubono.fr\/wp-content\/uploads\/2023\/04\/JHLAVIE7448_DxO.jpg\" alt=\"\" width=\"960\" height=\"474\" srcset=\"https:\/\/fanfaredubono.fr\/wp-content\/uploads\/2023\/04\/JHLAVIE7448_DxO.jpg 960w, https:\/\/fanfaredubono.fr\/wp-content\/uploads\/2023\/04\/JHLAVIE7448_DxO-300x148.jpg 300w, https:\/\/fanfaredubono.fr\/wp-content\/uploads\/2023\/04\/JHLAVIE7448_DxO-768x379.jpg 768w\" sizes=\"auto, (max-width: 960px) 100vw, 960px\" \/><\/a><\/p>\r\n<h2 style=\"text-align: center;\"><em>26 mars 2023 : \u00ab\u00a0Jour de F\u00eate\u00a0\u00bb \u00e0 la Chapelle du Saint Esprit d&rsquo;Auray<\/em><\/h2>\r\n<p style=\"text-align: center;\"><a href=\"http:\/\/fanfaredubono.fr\/index.php\/photos-2\/jour-de-fete-a-auray\/\"><img loading=\"lazy\" decoding=\"async\" class=\"aligncenter wp-image-6877 size-full\" src=\"http:\/\/fanfaredubono.fr\/wp-content\/uploads\/2023\/03\/JHL7059_DxO.jpg\" alt=\"\" width=\"960\" height=\"549\" srcset=\"https:\/\/fanfaredubono.fr\/wp-content\/uploads\/2023\/03\/JHL7059_DxO.jpg 960w, https:\/\/fanfaredubono.fr\/wp-content\/uploads\/2023\/03\/JHL7059_DxO-300x172.jpg 300w, https:\/\/fanfaredubono.fr\/wp-content\/uploads\/2023\/03\/JHL7059_DxO-768x439.jpg 768w\" sizes=\"auto, (max-width: 960px) 100vw, 960px\" \/><\/a><\/p>\r\n<h2 style=\"text-align: center;\"><em>25 janvier 2023 : Festival de l&rsquo;\u00catre d&rsquo;Amour \u00e0 Ty Hanok<\/em><\/h2>\r\n<p style=\"text-align: center;\"><a href=\"http:\/\/fanfaredubono.fr\/index.php\/photos-2\/festival-de-letre-damour-a-ty-hanok\/\"><img loading=\"lazy\" decoding=\"async\" class=\"aligncenter wp-image-6774 size-full\" src=\"http:\/\/fanfaredubono.fr\/wp-content\/uploads\/2023\/02\/JHL5139_DxO.jpg\" alt=\"\" width=\"960\" height=\"639\" srcset=\"https:\/\/fanfaredubono.fr\/wp-content\/uploads\/2023\/02\/JHL5139_DxO.jpg 960w, https:\/\/fanfaredubono.fr\/wp-content\/uploads\/2023\/02\/JHL5139_DxO-300x200.jpg 300w, https:\/\/fanfaredubono.fr\/wp-content\/uploads\/2023\/02\/JHL5139_DxO-768x511.jpg 768w\" sizes=\"auto, (max-width: 960px) 100vw, 960px\" \/><\/a><\/p>\r\n<h2 style=\"text-align: center;\"><em>18 d\u00e9cembre 2022 : No\u00ebl \u00e0 Vannes<\/em><\/h2>\r\n<p style=\"text-align: center;\"><a href=\"http:\/\/fanfaredubono.fr\/index.php\/photos-2\/noel-2022-a-vannes\/\"><img loading=\"lazy\" decoding=\"async\" class=\"alignnone wp-image-6588 size-full\" src=\"http:\/\/fanfaredubono.fr\/wp-content\/uploads\/JHL3803_DxO_DxO.jpg\" alt=\"_JHL3803_DxO_DxO\" width=\"960\" height=\"639\" srcset=\"https:\/\/fanfaredubono.fr\/wp-content\/uploads\/JHL3803_DxO_DxO.jpg 960w, https:\/\/fanfaredubono.fr\/wp-content\/uploads\/JHL3803_DxO_DxO-300x200.jpg 300w\" sizes=\"auto, (max-width: 960px) 100vw, 960px\" \/><\/a><\/p>\r\n<h2 style=\"text-align: center;\"><em>22 octobre : \u00ab\u00a0des mots pour le dire\u00a0\u00bb d&rsquo;Ely&rsquo;Ondre \u00e0 Baden<\/em><\/h2>\r\n<p style=\"text-align: center;\"><a href=\"http:\/\/fanfaredubono.fr\/?page_id=6400\"><img loading=\"lazy\" decoding=\"async\" class=\"aligncenter size-full wp-image-6403\" src=\"http:\/\/fanfaredubono.fr\/wp-content\/uploads\/JHL1803_DxO.jpg\" alt=\"_JHL1803_DxO\" width=\"960\" height=\"639\" srcset=\"https:\/\/fanfaredubono.fr\/wp-content\/uploads\/JHL1803_DxO.jpg 960w, https:\/\/fanfaredubono.fr\/wp-content\/uploads\/JHL1803_DxO-300x200.jpg 300w\" sizes=\"auto, (max-width: 960px) 100vw, 960px\" \/><\/a><\/p>\r\n<h2 style=\"text-align: center;\"><em>15 octobre : premi\u00e8re d&rsquo;Electro Deluxe \u00e0 Ath\u00e9na Auray<\/em><\/h2>\r\n<p style=\"text-align: center;\"><a href=\"http:\/\/fanfaredubono.fr\/?page_id=6339\"><img loading=\"lazy\" decoding=\"async\" class=\"aligncenter wp-image-6354 size-full\" src=\"http:\/\/fanfaredubono.fr\/wp-content\/uploads\/JHL1455_DxO.jpg\" alt=\"_JHL1455_DxO\" width=\"960\" height=\"639\" srcset=\"https:\/\/fanfaredubono.fr\/wp-content\/uploads\/JHL1455_DxO.jpg 960w, https:\/\/fanfaredubono.fr\/wp-content\/uploads\/JHL1455_DxO-300x200.jpg 300w\" sizes=\"auto, (max-width: 960px) 100vw, 960px\" \/><\/a><\/p>\r\n<h2 style=\"text-align: center;\"><em>11 septembre : la F\u00eate des oignons \u00e0 Erdeven<\/em><\/h2>\r\n<p style=\"text-align: center;\"><a href=\"http:\/\/fanfaredubono.fr\/?page_id=6272\"><img loading=\"lazy\" decoding=\"async\" class=\"aligncenter wp-image-6297\" src=\"http:\/\/fanfaredubono.fr\/wp-content\/uploads\/JHL5987_DxO-Grande.jpeg\" alt=\"_JHL5987_DxO Grande\" width=\"640\" height=\"427\" srcset=\"https:\/\/fanfaredubono.fr\/wp-content\/uploads\/JHL5987_DxO-Grande.jpeg 1280w, https:\/\/fanfaredubono.fr\/wp-content\/uploads\/JHL5987_DxO-Grande-300x200.jpeg 300w\" sizes=\"auto, (max-width: 640px) 100vw, 640px\" \/><\/a><\/p>\r\n<h2 style=\"text-align: center;\"><em>2 juillet<\/em>\u00a0<i>:\u00a0les Plages Musicales \u00e0 Damgan<\/i><\/h2>\r\n<p style=\"text-align: center;\"><a href=\"http:\/\/fanfaredubono.fr\/?page_id=6131\"><img loading=\"lazy\" decoding=\"async\" class=\"aligncenter wp-image-6143 size-full\" src=\"http:\/\/fanfaredubono.fr\/wp-content\/uploads\/JHL6341_DxO.jpeg\" alt=\"_JHL6341_DxO\" width=\"640\" height=\"426\" srcset=\"https:\/\/fanfaredubono.fr\/wp-content\/uploads\/JHL6341_DxO.jpeg 640w, https:\/\/fanfaredubono.fr\/wp-content\/uploads\/JHL6341_DxO-300x200.jpeg 300w\" sizes=\"auto, (max-width: 640px) 100vw, 640px\" \/><\/a><\/p>\r\n<h2 style=\"text-align: center;\"><em>21 juin : F\u00eate de la musique \u00e0 Auray<\/em><\/h2>\r\n<p><a href=\"http:\/\/fanfaredubono.fr\/index.php\/photos-2\/fete-de-la-musique-auray-2022\/\"><img loading=\"lazy\" decoding=\"async\" class=\"aligncenter wp-image-6124 size-full\" src=\"http:\/\/fanfaredubono.fr\/wp-content\/uploads\/JHL5631_DxO-2-e1655985269356.jpeg\" alt=\"_JHL5631_DxO 2\" width=\"640\" height=\"470\" \/><\/a><\/p>\r\n<h2 style=\"text-align: center;\"><em>17 juin : inauguration de l&rsquo;expo photos \u00e0 la m\u00e9diath\u00e8que du Bono<\/em><\/h2>\r\n<p style=\"text-align: center;\"><a href=\"http:\/\/fanfaredubono.fr\/?page_id=6060\"><img loading=\"lazy\" decoding=\"async\" class=\"aligncenter wp-image-6061 size-large\" src=\"http:\/\/fanfaredubono.fr\/wp-content\/uploads\/JHL5500_DxO-1620x1080.jpg\" alt=\"\" width=\"640\" height=\"427\" srcset=\"https:\/\/fanfaredubono.fr\/wp-content\/uploads\/JHL5500_DxO-1620x1080.jpg 1620w, https:\/\/fanfaredubono.fr\/wp-content\/uploads\/JHL5500_DxO-300x200.jpg 300w, https:\/\/fanfaredubono.fr\/wp-content\/uploads\/JHL5500_DxO.jpg 1784w\" sizes=\"auto, (max-width: 640px) 100vw, 640px\" \/><\/a><\/p>\r\n<h2 style=\"text-align: center;\"><em>11 juin :\u00a0<\/em><i>Barabar au Bono<\/i><\/h2>\r\n<p style=\"text-align: center;\"><a href=\"http:\/\/fanfaredubono.fr\/?page_id=6035\"><img loading=\"lazy\" decoding=\"async\" class=\"aligncenter size-large wp-image-6036\" src=\"http:\/\/fanfaredubono.fr\/wp-content\/uploads\/JHL5306_DxO-1620x1080.jpg\" alt=\"_JHL5306_DxO\" width=\"640\" height=\"427\" srcset=\"https:\/\/fanfaredubono.fr\/wp-content\/uploads\/JHL5306_DxO-1620x1080.jpg 1620w, https:\/\/fanfaredubono.fr\/wp-content\/uploads\/JHL5306_DxO-300x200.jpg 300w, https:\/\/fanfaredubono.fr\/wp-content\/uploads\/JHL5306_DxO.jpg 1784w\" sizes=\"auto, (max-width: 640px) 100vw, 640px\" \/><\/a><\/p>\r\n<h2 style=\"text-align: center;\"><em>4 -5 juin : L\u00e2cher de Fanfares \u00e0 Saint Nolff<\/em><\/h2>\r\n<h2 style=\"text-align: center;\"><a href=\"http:\/\/fanfaredubono.fr\/?page_id=6004\"><img loading=\"lazy\" decoding=\"async\" class=\" wp-image-6018 size-large aligncenter\" src=\"http:\/\/fanfaredubono.fr\/wp-content\/uploads\/JHL4242_DxO-1620x1080.jpg\" alt=\"_JHL4242_DxO\" width=\"640\" height=\"427\" srcset=\"https:\/\/fanfaredubono.fr\/wp-content\/uploads\/JHL4242_DxO-1620x1080.jpg 1620w, https:\/\/fanfaredubono.fr\/wp-content\/uploads\/JHL4242_DxO-300x200.jpg 300w, https:\/\/fanfaredubono.fr\/wp-content\/uploads\/JHL4242_DxO.jpg 1784w\" sizes=\"auto, (max-width: 640px) 100vw, 640px\" \/><\/a><\/h2>\r\n<p><a href=\"http:\/\/fanfaredubono.fr\/?page_id=5935\"><img loading=\"lazy\" decoding=\"async\" class=\" wp-image-5951 size-large aligncenter\" src=\"http:\/\/fanfaredubono.fr\/wp-content\/uploads\/JHL4399_DxO-1620x1080.jpg\" alt=\"_JHL4399_DxO\" width=\"640\" height=\"427\" srcset=\"https:\/\/fanfaredubono.fr\/wp-content\/uploads\/JHL4399_DxO-1620x1080.jpg 1620w, https:\/\/fanfaredubono.fr\/wp-content\/uploads\/JHL4399_DxO-300x200.jpg 300w, https:\/\/fanfaredubono.fr\/wp-content\/uploads\/JHL4399_DxO.jpg 1784w\" sizes=\"auto, (max-width: 640px) 100vw, 640px\" \/><\/a><\/p>\r\n<p><a href=\"http:\/\/fanfaredubono.fr\/?page_id=5961\"><img loading=\"lazy\" decoding=\"async\" class=\" wp-image-5973 size-large aligncenter\" src=\"http:\/\/fanfaredubono.fr\/wp-content\/uploads\/JHL4093_DxO-1463x1080.jpg\" alt=\"_JHL4093_DxO\" width=\"640\" height=\"472\" srcset=\"https:\/\/fanfaredubono.fr\/wp-content\/uploads\/JHL4093_DxO-1463x1080.jpg 1463w, https:\/\/fanfaredubono.fr\/wp-content\/uploads\/JHL4093_DxO-300x221.jpg 300w, https:\/\/fanfaredubono.fr\/wp-content\/uploads\/JHL4093_DxO.jpg 1784w\" sizes=\"auto, (max-width: 640px) 100vw, 640px\" \/><\/a><\/p>\r\n<p><a href=\"http:\/\/fanfaredubono.fr\/?page_id=5982\"><img loading=\"lazy\" decoding=\"async\" class=\" wp-image-5974 size-large aligncenter\" src=\"http:\/\/fanfaredubono.fr\/wp-content\/uploads\/JHL4186_DxO-1620x1080.jpg\" alt=\"_JHL4186_DxO\" width=\"640\" height=\"427\" srcset=\"https:\/\/fanfaredubono.fr\/wp-content\/uploads\/JHL4186_DxO-1620x1080.jpg 1620w, https:\/\/fanfaredubono.fr\/wp-content\/uploads\/JHL4186_DxO-300x200.jpg 300w, https:\/\/fanfaredubono.fr\/wp-content\/uploads\/JHL4186_DxO.jpg 1784w\" sizes=\"auto, (max-width: 640px) 100vw, 640px\" \/><\/a><\/p>\r\n<h2 style=\"text-align: center;\"><em>21 mai 2022 : F\u00eate des voisins de Lo\u00efc<\/em><\/h2>\r\n<p style=\"text-align: center;\"><a href=\"http:\/\/fanfaredubono.fr\/?page_id=5872\"><img loading=\"lazy\" decoding=\"async\" class=\"aligncenter wp-image-5915 size-large\" src=\"http:\/\/fanfaredubono.fr\/wp-content\/uploads\/JHL3684_DxO-1620x1080.jpg\" alt=\"_JHL3684_DxO\" width=\"640\" height=\"427\" srcset=\"https:\/\/fanfaredubono.fr\/wp-content\/uploads\/JHL3684_DxO-1620x1080.jpg 1620w, https:\/\/fanfaredubono.fr\/wp-content\/uploads\/JHL3684_DxO-300x200.jpg 300w, https:\/\/fanfaredubono.fr\/wp-content\/uploads\/JHL3684_DxO.jpg 1784w\" sizes=\"auto, (max-width: 640px) 100vw, 640px\" \/><\/a><\/p>\r\n<h2 style=\"text-align: center;\"><em>7 et 8 mai 2022 : Les prestations \u00a0la Trinquette et sur le bateau<\/em><\/h2>\r\n<h2 style=\"text-align: center;\"><a href=\"http:\/\/fanfaredubono.fr\/?page_id=5795\"><img loading=\"lazy\" decoding=\"async\" class=\"aligncenter wp-image-5817\" src=\"http:\/\/fanfaredubono.fr\/wp-content\/uploads\/JHLAVIE3048_DxO-Grande-copie.jpeg\" alt=\"JHLAVIE3048_DxO Grande copie\" width=\"646\" height=\"430\" srcset=\"https:\/\/fanfaredubono.fr\/wp-content\/uploads\/JHLAVIE3048_DxO-Grande-copie.jpeg 1280w, https:\/\/fanfaredubono.fr\/wp-content\/uploads\/JHLAVIE3048_DxO-Grande-copie-300x200.jpeg 300w\" sizes=\"auto, (max-width: 646px) 100vw, 646px\" \/><\/a><\/h2>\r\n<h2 style=\"text-align: center;\"><em>7 et 8 mai 2022 : Le Stage chor\u00e9 \u00e0 Hoedic<\/em><\/h2>\r\n<p style=\"text-align: center;\"><a href=\"http:\/\/fanfaredubono.fr\/?page_id=5820\"><img loading=\"lazy\" decoding=\"async\" class=\"alignnone size-large wp-image-5833\" src=\"http:\/\/fanfaredubono.fr\/wp-content\/uploads\/JHLAVIE2577_DxO-1607x1080.jpg\" alt=\"JHLAVIE2577_DxO\" width=\"640\" height=\"430\" srcset=\"https:\/\/fanfaredubono.fr\/wp-content\/uploads\/JHLAVIE2577_DxO-1607x1080.jpg 1607w, https:\/\/fanfaredubono.fr\/wp-content\/uploads\/JHLAVIE2577_DxO-300x202.jpg 300w, https:\/\/fanfaredubono.fr\/wp-content\/uploads\/JHLAVIE2577_DxO.jpg 1784w\" sizes=\"auto, (max-width: 640px) 100vw, 640px\" \/><\/a><\/p>\r\n<h2 style=\"text-align: center;\"><em>30 avril 2022 : les 15 ans du Coota \u00e0 Erdeven<\/em><\/h2>\r\n<p style=\"text-align: center;\"><a href=\"http:\/\/fanfaredubono.fr\/?page_id=5702\"><img loading=\"lazy\" decoding=\"async\" class=\"alignnone wp-image-5736 \" src=\"http:\/\/fanfaredubono.fr\/wp-content\/uploads\/JHL2181_DxO-Moyenne.jpeg\" alt=\"_JHL2181_DxO Moyenne\" width=\"623\" height=\"415\" srcset=\"https:\/\/fanfaredubono.fr\/wp-content\/uploads\/JHL2181_DxO-Moyenne.jpeg 640w, https:\/\/fanfaredubono.fr\/wp-content\/uploads\/JHL2181_DxO-Moyenne-300x200.jpeg 300w\" sizes=\"auto, (max-width: 623px) 100vw, 623px\" \/><\/a><\/p>\r\n<h2 style=\"text-align: center;\"><em>30 avril 2022 : Carnaval \u00e0 Inzinzac-Lochrist<\/em><\/h2>\r\n<h2 style=\"text-align: center;\"><a href=\"http:\/\/fanfaredubono.fr\/?page_id=5747\"><img loading=\"lazy\" decoding=\"async\" class=\"alignnone wp-image-5761 size-full\" src=\"http:\/\/fanfaredubono.fr\/wp-content\/uploads\/Z_JHL2124_DxO-Moyenne.jpeg\" alt=\"Z_JHL2124_DxO Moyenne\" width=\"640\" height=\"427\" srcset=\"https:\/\/fanfaredubono.fr\/wp-content\/uploads\/Z_JHL2124_DxO-Moyenne.jpeg 640w, https:\/\/fanfaredubono.fr\/wp-content\/uploads\/Z_JHL2124_DxO-Moyenne-300x200.jpeg 300w\" sizes=\"auto, (max-width: 640px) 100vw, 640px\" \/><\/a><\/h2>\r\n<h2 style=\"text-align: center;\"><em>19 d\u00e9cembre 2021 : P\u00e8re No\u00ebl \u00e0 Vannes\u00a0<\/em><\/h2>\r\n<p style=\"text-align: center;\"><a href=\"http:\/\/fanfaredubono.fr\/?page_id=5451\"><img loading=\"lazy\" decoding=\"async\" class=\"alignnone size-full wp-image-5459\" src=\"http:\/\/fanfaredubono.fr\/wp-content\/uploads\/JHL1094_DxO-copie-Medium.jpeg\" alt=\"_JHL1094_DxO copie Medium\" width=\"640\" height=\"427\" srcset=\"https:\/\/fanfaredubono.fr\/wp-content\/uploads\/JHL1094_DxO-copie-Medium.jpeg 640w, https:\/\/fanfaredubono.fr\/wp-content\/uploads\/JHL1094_DxO-copie-Medium-300x200.jpeg 300w\" sizes=\"auto, (max-width: 640px) 100vw, 640px\" \/><\/a><\/p>\r\n<h2 style=\"text-align: center;\"><em>19 octobre 2021 : \u00a0Cl\u00f4ture du festival du court m\u00e9trage \u00e0 Ty Hanok<\/em><\/h2>\r\n<h2 style=\"text-align: center;\"><a href=\"http:\/\/fanfaredubono.fr\/?page_id=5405\"><img loading=\"lazy\" decoding=\"async\" class=\"alignnone size-large wp-image-5409\" src=\"http:\/\/fanfaredubono.fr\/wp-content\/uploads\/TyHanok20214-1581x1080.jpg\" alt=\"TyHanok20214\" width=\"640\" height=\"437\" srcset=\"https:\/\/fanfaredubono.fr\/wp-content\/uploads\/TyHanok20214-1581x1080.jpg 1581w, https:\/\/fanfaredubono.fr\/wp-content\/uploads\/TyHanok20214-300x205.jpg 300w, https:\/\/fanfaredubono.fr\/wp-content\/uploads\/TyHanok20214.jpg 1900w\" sizes=\"auto, (max-width: 640px) 100vw, 640px\" \/><\/a><\/h2>\r\n<h2 style=\"text-align: center;\"><em>19 octobre 2021 : Journ\u00e9e mondiale du refus de la mis\u00e8re \u00e0 Vannes<\/em><\/h2>\r\n<p style=\"text-align: center;\"><a href=\"http:\/\/fanfaredubono.fr\/?page_id=5388\"><img loading=\"lazy\" decoding=\"async\" class=\"aligncenter wp-image-5397 size-large\" src=\"http:\/\/fanfaredubono.fr\/wp-content\/uploads\/Vannesluttemis\u00e8re20218-1566x1080.jpg\" alt=\"Vannesluttemis\u00e8re20218\" width=\"640\" height=\"441\" srcset=\"https:\/\/fanfaredubono.fr\/wp-content\/uploads\/Vannesluttemis\u00e8re20218-1566x1080.jpg 1566w, https:\/\/fanfaredubono.fr\/wp-content\/uploads\/Vannesluttemis\u00e8re20218-300x207.jpg 300w, https:\/\/fanfaredubono.fr\/wp-content\/uploads\/Vannesluttemis\u00e8re20218.jpg 1900w\" sizes=\"auto, (max-width: 640px) 100vw, 640px\" \/><\/a><\/p>\r\n<h2 style=\"text-align: center;\"><i>25 septembre 2021 : le\u00a0march\u00e9 bio de Muzillac<\/i><\/h2>\r\n<p style=\"text-align: center;\"><a href=\"http:\/\/fanfaredubono.fr\/?page_id=5193\"><img loading=\"lazy\" decoding=\"async\" class=\"aligncenter wp-image-5220 size-full\" src=\"http:\/\/fanfaredubono.fr\/wp-content\/uploads\/Muzillac2021bio27.jpeg\" alt=\"Muzillac2021bio27\" width=\"320\" height=\"213\" srcset=\"https:\/\/fanfaredubono.fr\/wp-content\/uploads\/Muzillac2021bio27.jpeg 320w, https:\/\/fanfaredubono.fr\/wp-content\/uploads\/Muzillac2021bio27-300x200.jpeg 300w\" sizes=\"auto, (max-width: 320px) 100vw, 320px\" \/><\/a><\/p>\r\n<h2 style=\"text-align: center;\">\u00a0<\/h2>\r\n<h2 style=\"text-align: center;\"><i>Les prestations du Samedi \u00e0 Treignac<\/i><\/h2>\r\n<p style=\"text-align: center;\"><a href=\"http:\/\/fanfaredubono.fr\/?page_id=5117\"><img loading=\"lazy\" decoding=\"async\" class=\"aligncenter wp-image-5130 size-large\" src=\"http:\/\/fanfaredubono.fr\/wp-content\/uploads\/Treignacsamedi31072113-1623x1080.jpg\" alt=\"Treignacsamedi31072113\" width=\"640\" height=\"426\" srcset=\"https:\/\/fanfaredubono.fr\/wp-content\/uploads\/Treignacsamedi31072113-1623x1080.jpg 1623w, https:\/\/fanfaredubono.fr\/wp-content\/uploads\/Treignacsamedi31072113-300x200.jpg 300w, https:\/\/fanfaredubono.fr\/wp-content\/uploads\/Treignacsamedi31072113.jpg 1900w\" sizes=\"auto, (max-width: 640px) 100vw, 640px\" \/><\/a><\/p>\r\n<h2 style=\"text-align: center;\"><em>March\u00e9 de Treignac \u00a0juillet 2021<\/em><\/h2>\r\n<p><a href=\"http:\/\/fanfaredubono.fr\/?page_id=5093\"><img loading=\"lazy\" decoding=\"async\" class=\" size-large wp-image-5108 aligncenter\" src=\"http:\/\/fanfaredubono.fr\/wp-content\/uploads\/MarcheTreignac072115-1699x1080.jpg\" alt=\"MarcheTreignac072115\" width=\"640\" height=\"407\" srcset=\"https:\/\/fanfaredubono.fr\/wp-content\/uploads\/MarcheTreignac072115-1699x1080.jpg 1699w, https:\/\/fanfaredubono.fr\/wp-content\/uploads\/MarcheTreignac072115-300x191.jpg 300w, https:\/\/fanfaredubono.fr\/wp-content\/uploads\/MarcheTreignac072115.jpg 1900w\" sizes=\"auto, (max-width: 640px) 100vw, 640px\" \/><\/a><\/p>\r\n<h2 style=\"text-align: center;\"><em>Treignac juillet 2021<\/em><\/h2>\r\n<p style=\"text-align: center;\"><a href=\"http:\/\/fanfaredubono.fr\/?page_id=5028\"><img loading=\"lazy\" decoding=\"async\" class=\"alignnone wp-image-5013 size-large\" src=\"http:\/\/fanfaredubono.fr\/wp-content\/uploads\/Treignac07211-1623x1080.jpg\" alt=\"Treignac07211\" width=\"640\" height=\"426\" srcset=\"https:\/\/fanfaredubono.fr\/wp-content\/uploads\/Treignac07211-1623x1080.jpg 1623w, https:\/\/fanfaredubono.fr\/wp-content\/uploads\/Treignac07211-300x200.jpg 300w, https:\/\/fanfaredubono.fr\/wp-content\/uploads\/Treignac07211.jpg 1900w\" sizes=\"auto, (max-width: 640px) 100vw, 640px\" \/><\/a><\/p>\r\n<h2 style=\"text-align: center;\"><em>Locmariaquer\u00a0<\/em><\/h2>\r\n<h2 style=\"text-align: center;\"><em>Le 14 juillet 2021<\/em><\/h2>\r\n<p><a href=\"http:\/\/fanfaredubono.fr\/?page_id=4934\"><img loading=\"lazy\" decoding=\"async\" class=\"aligncenter wp-image-4920 size-large\" src=\"http:\/\/fanfaredubono.fr\/wp-content\/uploads\/Locmariaquer072115-1623x1080.jpg\" alt=\"Locmariaquer072115\" width=\"640\" height=\"426\" srcset=\"https:\/\/fanfaredubono.fr\/wp-content\/uploads\/Locmariaquer072115-1623x1080.jpg 1623w, https:\/\/fanfaredubono.fr\/wp-content\/uploads\/Locmariaquer072115-300x200.jpg 300w, https:\/\/fanfaredubono.fr\/wp-content\/uploads\/Locmariaquer072115.jpg 1900w\" sizes=\"auto, (max-width: 640px) 100vw, 640px\" \/><\/a><\/p>\r\n<h2 style=\"text-align: center;\"><em>Soir\u00e9e \u00ab\u00a0Equilibres\u00a0\u00bb<\/em><\/h2>\r\n<h2 style=\"text-align: center;\"><em>Carnac &#8211; 8 juillet<\/em><\/h2>\r\n<p style=\"text-align: center;\"><a href=\"http:\/\/fanfaredubono.fr\/?page_id=4861\"><img loading=\"lazy\" decoding=\"async\" class=\"alignnone wp-image-4833 size-large\" src=\"http:\/\/fanfaredubono.fr\/wp-content\/uploads\/Carnac072128-1623x1080.jpg\" alt=\"Carnac072128\" width=\"640\" height=\"426\" srcset=\"https:\/\/fanfaredubono.fr\/wp-content\/uploads\/Carnac072128-1623x1080.jpg 1623w, https:\/\/fanfaredubono.fr\/wp-content\/uploads\/Carnac072128-300x200.jpg 300w, https:\/\/fanfaredubono.fr\/wp-content\/uploads\/Carnac072128.jpg 1900w\" sizes=\"auto, (max-width: 640px) 100vw, 640px\" \/><\/a><\/p>\r\n<h2 style=\"text-align: center;\"><em>R\u00e9p\u00e9tition <\/em><\/h2>\r\n<h2 style=\"text-align: center;\"><em>Le Bono &#8211; 23 juin 2021<\/em><\/h2>\r\n<p style=\"text-align: center;\"><a href=\"http:\/\/fanfaredubono.fr\/?page_id=4902\"><img loading=\"lazy\" decoding=\"async\" class=\"alignnone size-large wp-image-4899\" src=\"http:\/\/fanfaredubono.fr\/wp-content\/uploads\/LeBono06213-1652x1080.jpg\" alt=\"LeBono06213\" width=\"640\" height=\"418\" srcset=\"https:\/\/fanfaredubono.fr\/wp-content\/uploads\/LeBono06213-1652x1080.jpg 1652w, https:\/\/fanfaredubono.fr\/wp-content\/uploads\/LeBono06213-300x196.jpg 300w, https:\/\/fanfaredubono.fr\/wp-content\/uploads\/LeBono06213.jpg 1900w\" sizes=\"auto, (max-width: 640px) 100vw, 640px\" \/><\/a><\/p>\r\n<h2 style=\"text-align: center;\"><em>F\u00eate de la Musique<\/em><\/h2>\r\n<h2 style=\"text-align: center;\"><em>Arradon &#8211; 19 juin 2021<\/em><\/h2>\r\n<p style=\"text-align: center;\"><a href=\"http:\/\/fanfaredubono.fr\/?page_id=4784\"><img loading=\"lazy\" decoding=\"async\" class=\"alignnone wp-image-4814 size-large\" src=\"http:\/\/fanfaredubono.fr\/wp-content\/uploads\/Arradon062110-1683x1080.jpg\" alt=\"Arradon062110\" width=\"640\" height=\"411\" srcset=\"https:\/\/fanfaredubono.fr\/wp-content\/uploads\/Arradon062110-1683x1080.jpg 1683w, https:\/\/fanfaredubono.fr\/wp-content\/uploads\/Arradon062110-300x192.jpg 300w, https:\/\/fanfaredubono.fr\/wp-content\/uploads\/Arradon062110.jpg 1900w\" sizes=\"auto, (max-width: 640px) 100vw, 640px\" \/><\/a><\/p>\r\n<h2 style=\"text-align: center;\">\u00a0<\/h2>\r\n<h2 style=\"text-align: center;\"><i>Festival au\u00a0Pisse<\/i>\u00a0<em>M\u00e9m\u00e9<\/em><\/h2>\r\n<h2 style=\"text-align: center;\"><em>La Roche Bernard &#8211; 29 mai 2021<\/em><\/h2>\r\n<h2 style=\"text-align: center;\">\u00a0<a href=\"http:\/\/fanfaredubono.fr\/?page_id=4760\"><img loading=\"lazy\" decoding=\"async\" class=\"alignnone size-full wp-image-4756\" src=\"http:\/\/fanfaredubono.fr\/wp-content\/uploads\/PisseMemee062135.png\" alt=\"PisseMemee062135\" width=\"224\" height=\"225\" srcset=\"https:\/\/fanfaredubono.fr\/wp-content\/uploads\/PisseMemee062135.png 224w, https:\/\/fanfaredubono.fr\/wp-content\/uploads\/PisseMemee062135-150x150.png 150w\" sizes=\"auto, (max-width: 224px) 100vw, 224px\" \/><\/a><\/h2>\r\n<h2 style=\"text-align: center;\"><em>Tournage du Clip<\/em><\/h2>\r\n<h2 style=\"text-align: center;\"><em>Le Bono &#8211; 8 mai 2021<\/em><\/h2>\r\n<p style=\"text-align: center;\"><a href=\"http:\/\/fanfaredubono.fr\/?page_id=4992\"><img loading=\"lazy\" decoding=\"async\" class=\"alignnone size-full wp-image-4989\" src=\"http:\/\/fanfaredubono.fr\/wp-content\/uploads\/Clip082127.jpeg\" alt=\"Clip082127\" width=\"640\" height=\"426\" srcset=\"https:\/\/fanfaredubono.fr\/wp-content\/uploads\/Clip082127.jpeg 640w, https:\/\/fanfaredubono.fr\/wp-content\/uploads\/Clip082127-300x200.jpeg 300w\" sizes=\"auto, (max-width: 640px) 100vw, 640px\" \/><\/a><\/p>\r\n<h2 style=\"text-align: center;\"><em>No\u00ebl \u00a026 d\u00e9cembre 2020<\/em><\/h2>\r\n<h2 style=\"text-align: center;\"><em> Auray\u00a0<\/em><\/h2>\r\n<p><a href=\"http:\/\/fanfaredubono.fr\/?page_id=5510\"><img loading=\"lazy\" decoding=\"async\" class=\" wp-image-5485 size-large aligncenter\" src=\"http:\/\/fanfaredubono.fr\/wp-content\/uploads\/Auray12201-1630x1080.jpg\" alt=\"Auray12201\" width=\"640\" height=\"424\" srcset=\"https:\/\/fanfaredubono.fr\/wp-content\/uploads\/Auray12201-1630x1080.jpg 1630w, https:\/\/fanfaredubono.fr\/wp-content\/uploads\/Auray12201-300x199.jpg 300w, https:\/\/fanfaredubono.fr\/wp-content\/uploads\/Auray12201.jpg 1900w\" sizes=\"auto, (max-width: 640px) 100vw, 640px\" \/><\/a><\/p>\r\n<h2 style=\"text-align: center;\"><em>March\u00e9 de Muzillac<\/em><\/h2>\r\n<h2 style=\"text-align: center;\"><em>27 septembre 2020<\/em><\/h2>\r\n<p style=\"text-align: center;\"><a href=\"http:\/\/fanfaredubono.fr\/?page_id=5512\"><img loading=\"lazy\" decoding=\"async\" class=\"alignnone wp-image-5516 size-large\" src=\"http:\/\/fanfaredubono.fr\/wp-content\/uploads\/Muzillac09204-1623x1080.jpg\" alt=\"Muzillac09204\" width=\"640\" height=\"426\" srcset=\"https:\/\/fanfaredubono.fr\/wp-content\/uploads\/Muzillac09204-1623x1080.jpg 1623w, https:\/\/fanfaredubono.fr\/wp-content\/uploads\/Muzillac09204-300x200.jpg 300w, https:\/\/fanfaredubono.fr\/wp-content\/uploads\/Muzillac09204.jpg 1900w\" sizes=\"auto, (max-width: 640px) 100vw, 640px\" \/><\/a><\/p>\r\n<h2 style=\"text-align: center;\"><em>PPEF 2017 <\/em><\/h2>\r\n<h2 style=\"text-align: center;\"><em>Groix &#8211; 9 &amp; 10 Septembre\u00a02017<\/em><\/h2>\r\n<h2 style=\"text-align: center;\">\u00a0<\/h2>\r\n<h2 style=\"text-align: center;\">\u00a0<\/h2>\r\n<h2 style=\"text-align: center;\"><em>Paddle Trophy <\/em><\/h2>\r\n<h2 style=\"text-align: center;\"><em>Le Bono\/St Goustan &#8211; 1er Juillet\u00a02017 <\/em><\/h2>\r\n<h2 style=\"text-align: center;\"><a href=\"http:\/\/fanfaredubono.fr\/?page_id=4245\"><img loading=\"lazy\" decoding=\"async\" class=\"aligncenter size-full wp-image-4106\" src=\"http:\/\/fanfaredubono.fr\/wp-content\/uploads\/Affiches-salon-nautique-mail.jpg\" alt=\"Affiches-salon-nautique-mail\" width=\"992\" height=\"558\" srcset=\"https:\/\/fanfaredubono.fr\/wp-content\/uploads\/Affiches-salon-nautique-mail.jpg 992w, https:\/\/fanfaredubono.fr\/wp-content\/uploads\/Affiches-salon-nautique-mail-300x169.jpg 300w\" sizes=\"auto, (max-width: 992px) 100vw, 992px\" \/><\/a><\/h2>\r\n<p>\u00ab\u00a0&gt;<\/p>\r\n<h2 style=\"text-align: center;\"><em>Festival du film d&rsquo;amour &#8211; Ti Hanok &#8211; 18\u00a0juin 2017<\/em><\/h2>\r\n<h2 style=\"text-align: center;\"><a href=\"http:\/\/fanfaredubono.fr\/?page_id=4234\"><img decoding=\"async\" class=\"aligncenter size-full wp-image-4102\" src=\"http:\/\/fanfaredubono.fr\/wp-content\/uploads\/plaquette-lettres-damour-mailing-.png\" alt=\"Festival lettres d'amour \" width=\"600\" srcset=\"https:\/\/fanfaredubono.fr\/wp-content\/uploads\/plaquette-lettres-damour-mailing-.png 826w, https:\/\/fanfaredubono.fr\/wp-content\/uploads\/plaquette-lettres-damour-mailing--212x300.png 212w, https:\/\/fanfaredubono.fr\/wp-content\/uploads\/plaquette-lettres-damour-mailing--763x1080.png 763w\" sizes=\"(max-width: 826px) 100vw, 826px\" \/><\/a><\/h2>\r\n<p style=\"text-align: center;\">Semaine du Golfe &#8211; Baden 25 mai 2017<\/p>\r\n<p style=\"text-align: center;\"><a href=\"http:\/\/fanfaredubono.fr\/?page_id=4152\"><img decoding=\"async\" class=\"aligncenter size-full wp-image-2583\" src=\"http:\/\/golfedumorbihan56.com\/wp-content\/uploads\/2015\/11\/affiche-semaine-du-golfe-2017.jpg\" alt=\"Semaine du Golfe\" width=\"600\" \/><\/a><\/p>\r\n<p style=\"text-align: center;\">Port Blanc &#8211; Baden 21 mai 2017<\/p>\r\n<p style=\"text-align: center;\"><a href=\"http:\/\/fanfaredubono.fr\/?page_id=4123\"><img decoding=\"async\" class=\"aligncenter size-full wp-image-2583\" src=\"http:\/\/fanfaredubono.fr\/wp-content\/uploads\/affiche-21-mai-Cyrielle.png\" alt=\"port blanc\" width=\"600\" \/><\/a><\/p>\r\n<p style=\"text-align: center;\">March\u00e9 de No\u00ebl &#8211; Auray 18 d\u00e9cembre 2016<\/p>\r\n<p style=\"text-align: center;\"><a href=\"http:\/\/fanfaredubono.fr\/?page_id=4029\"><img decoding=\"async\" class=\"aligncenter size-full wp-image-2583\" src=\"http:\/\/fanfaredubono.fr\/wp-content\/uploads\/images\/20141124114628.jpg\" alt=\"March\u00e9 de No\u00ebl\" width=\"600\" \/><\/a><\/p>\r\n<p style=\"text-align: center;\">Rencontre de fanfares \u00ab\u00a0Les Petits Ports En F\u00eate\u00a0\u00bb &#8211; Le Bono 2-3 Juillet 2016<\/p>\r\n<p style=\"text-align: center;\"><a href=\"http:\/\/fanfaredubono.fr\/?page_id=3820\"><img decoding=\"async\" class=\"aligncenter size-full wp-image-2583\" src=\"http:\/\/fanfaredubono.fr\/wp-content\/uploads\/images\/ppef2016.png\" alt=\"PPEF 2016\" width=\"600\" \/><\/a><\/p>\r\n<p style=\"text-align: center;\">F\u00eate du Parc Naturel R\u00e9gional 2016 : Les Pink Dragon Ladies &#8211; Le Bono 11 Juin 2016<\/p>\r\n<p style=\"text-align: center;\"><a href=\"http:\/\/fanfaredubono.fr\/?page_id=3798\"><img decoding=\"async\" class=\"aligncenter size-full wp-image-2583\" src=\"http:\/\/fanfaredubono.fr\/\/wp-content\/uploads\/images\/PinkDragonLadies\/Affiche.jpg\" alt=\"Les Pink Dragon Ladies\" width=\"600\" \/><\/a><\/p>\r\n<p style=\"text-align: center;\">Alternatiba &#8211; auray 4 Juin 2016<\/p>\r\n<p style=\"text-align: center;\"><a href=\"http:\/\/fanfaredubono.fr\/?page_id=3768\"><img decoding=\"async\" class=\"aligncenter size-full wp-image-2583\" src=\"http:\/\/fanfaredubono.fr\/wp-content\/uploads\/cropped-7608194-117514231.png\" alt=\"Alternatiba\" width=\"600\" \/><\/a><\/p>\r\n<p style=\"text-align: center;\">F\u00eate du Tannage &#8211; Le Bono 21 Mai 2016<\/p>\r\n<p style=\"text-align: center;\"><a href=\"http:\/\/fanfaredubono.fr\/?page_id=3691\"><img decoding=\"async\" class=\"aligncenter size-full wp-image-2583\" src=\"http:\/\/fanfaredubono.fr\/wp-content\/uploads\/images\/jh\/fetedutannage\/affiche.jpg\" alt=\"F\u00eate du Tannage\" width=\"600\" \/><\/a><\/p>\r\n<p style=\"text-align: center;\">Mariage de Max &amp; Marine &#8211; M\u00e9riadec 15 Mai 2016<\/p>\r\n<p style=\"text-align: center;\"><a href=\"http:\/\/fanfaredubono.fr\/?page_id=3598\"><img loading=\"lazy\" decoding=\"async\" class=\"aligncenter size-full wp-image-2583\" src=\"http:\/\/fanfaredubono.fr\/wp-content\/uploads\/images\/jh\/MariageM&amp;M\/_JHL4959.jpg\" alt=\"Mariage de Max &amp; Marine\" width=\"600\" height=\"848\" \/><\/a><\/p>\r\n<p style=\"text-align: center;\">Carnaval &#8211; Plouharnel 24 Avril 2016<\/p>\r\n<p style=\"text-align: center;\"><a href=\"http:\/\/fanfaredubono.fr\/?page_id=3503\"><img loading=\"lazy\" decoding=\"async\" class=\"aligncenter size-full wp-image-2583\" src=\"http:\/\/fanfaredubono.fr\/wp-content\/uploads\/images\/jh\/CarnavalPlouharnel\/JHLAVIE24-April-20161542Carnaval-Plouharnel-2.jpg\" alt=\"Carnaval Plouharnel\" width=\"600\" height=\"848\" \/><\/a><\/p>\r\n<p style=\"text-align: center;\">Festival de la Flibuste &#8211; Quiberon 17 Avril 2016<\/p>\r\n<p style=\"text-align: center;\"><a href=\"http:\/\/fanfaredubono.fr\/?page_id=3494\"><img loading=\"lazy\" decoding=\"async\" class=\"aligncenter size-full wp-image-2583\" src=\"http:\/\/fanfaredubono.fr\/wp-content\/uploads\/images\/festivalFlibusteQuiberon\/affiche.png\" alt=\"afficheFestivalFlibuste\" width=\"600\" height=\"848\" \/><\/a><\/p>\r\n<p style=\"text-align: center;\">Carnaval &#8211; Belz 2 avril\u00a02016<\/p>\r\n<p style=\"text-align: center;\"><a href=\"http:\/\/fanfaredubono.fr\/?page_id=3059\"><img loading=\"lazy\" decoding=\"async\" class=\"aligncenter size-full wp-image-2583\" src=\"http:\/\/fanfaredubono.fr\/wp-content\/uploads\/images\/jh\/ConcertCarnavalBelz\/afficheCarnavalBelz.jpg\" alt=\"afficheCarnavalBelz\" width=\"600\" height=\"848\" \/><\/a><\/p>\r\n<p style=\"text-align: center;\">P\u00e8re No\u00ebl Marin &#8211; Le Bono 18 dec 2015<\/p>\r\n<p style=\"text-align: center;\"><a href=\"http:\/\/fanfaredubono.fr\/?page_id=2955\"><img decoding=\"async\" class=\"aligncenter size-full wp-image-2583\" src=\"http:\/\/fanfaredubono.fr\/wp-content\/uploads\/images\/le-pere-noel-marin.jpg\" alt=\"stage\" \/><\/a><\/p>\r\n<p style=\"text-align: center;\">Marche pour le Climat &#8211; Vannes 29 oct 2015<\/p>\r\n<p style=\"text-align: center;\"><a href=\"http:\/\/fanfaredubono.fr\/?page_id=2936\"><img decoding=\"async\" class=\"aligncenter size-full wp-image-2583\" src=\"http:\/\/fanfaredubono.fr\/wp-content\/uploads\/images\/Marche climat\/logo-coalition-climat.jpg\" alt=\"stage\" \/><\/a><\/p>\r\n<p style=\"text-align: center;\">Stage \u00e0 Quiberon<\/p>\r\n<p style=\"text-align: center;\"><a href=\"http:\/\/fanfaredubono.fr\/?page_id=2838\"><img decoding=\"async\" class=\"aligncenter size-full wp-image-2583\" src=\"http:\/\/fanfaredubono.fr\/wp-content\/uploads\/images\/jh\/stage.jpg\" alt=\"stage\" \/><\/a><\/p>\r\n<p style=\"text-align: center;\">Concert de soutien au Phare<\/p>\r\n<p style=\"text-align: center;\"><a href=\"http:\/\/fanfaredubono.fr\/?page_id=2829\"><img decoding=\"async\" class=\"aligncenter size-full wp-image-2583\" src=\"http:\/\/fanfaredubono.fr\/wp-content\/uploads\/soutien-AuPhare.jpg\" alt=\"soutien-AuPhare\" \/><\/a><\/p>\r\n<p style=\"text-align: center;\">Semi Marathon Auray-Vannes<\/p>\r\n<p style=\"text-align: center;\"><a href=\"http:\/\/fanfaredubono.fr\/?page_id=2831\"><img loading=\"lazy\" decoding=\"async\" class=\"aligncenter size-full wp-image-2583\" src=\"http:\/\/fanfaredubono.fr\/wp-content\/uploads\/semi-marathon-auray-vannes.jpg\" alt=\"semi marathon\" width=\"525\" height=\"375\" \/><\/a><\/p>\r\n<p style=\"text-align: center;\">F\u00eate des commercants Saint Patern<\/p>\r\n<p style=\"text-align: center;\"><a href=\"http:\/\/fanfaredubono.fr\/?page_id=2058\"><img loading=\"lazy\" decoding=\"async\" class=\"aligncenter size-full wp-image-2583\" src=\"http:\/\/fanfaredubono.fr\/wp-content\/uploads\/stpatern.png\" alt=\"stpatern\" width=\"558\" height=\"269\" \/><\/a><\/p>\r\n<p style=\"text-align: center;\">Petits Ports en F\u00eate<\/p>\r\n<p style=\"text-align: center;\"><a href=\"http:\/\/fanfaredubono.fr\/?page_id=2508\"><img decoding=\"async\" class=\"aligncenter size-full wp-image-2583\" src=\"http:\/\/fanfaredubono.fr\/\/wp-content\/uploads\/PPEF%20affiche%20logo.jpg\" alt=\"PPEF\" \/><\/a><\/p>\r\n<p style=\"text-align: center;\">F\u00eate de la Musique \u00e0 Brech<\/p>\r\n<p style=\"text-align: center;\"><a href=\"http:\/\/fanfaredubono.fr\/?page_id=3152\"><img decoding=\"async\" class=\"aligncenter size-full wp-image-2581\" src=\"http:\/\/fanfaredubono.fr\/wp-content\/uploads\/images\/fete_musique.jpg\" alt=\"berly\" width=\"488\" \/><\/a><\/p>\r\n<p style=\"text-align: center;\">Repetition au Berly<\/p>\r\n<p style=\"text-align: center;\"><a href=\"http:\/\/fanfaredubono.fr\/?page_id=2505\"><img loading=\"lazy\" decoding=\"async\" class=\"aligncenter size-full wp-image-2581\" src=\"http:\/\/fanfaredubono.fr\/wp-content\/uploads\/berly.png\" alt=\"berly\" width=\"488\" height=\"398\" \/><\/a><\/p>\r\n<p style=\"text-align: center;\">Festival Algues aux Rythmes 2015<\/p>\r\n<p style=\"text-align: center;\"><a href=\"http:\/\/fanfaredubono.fr\/?page_id=3223\"><img decoding=\"async\" class=\"aligncenter size-full wp-image-2581\" src=\"http:\/\/fanfaredubono.fr\/wp-content\/uploads\/11148687_1129257753766493_811624133979698372_n.jpg\" alt=\"Algues aux Rythmes 2015\" width=\"488\" \/><\/a><\/p>\r\n<p style=\"text-align: center;\">Galerie des photos \u00e0 Arradon<\/p>\r\n<p style=\"text-align: center;\"><a title=\"Carnaval \u00e0 Arradon le 25 mars 2012\" href=\"http:\/\/fanfaredubono.fr\/?page_id=887\"><img loading=\"lazy\" decoding=\"async\" class=\"aligncenter size-medium wp-image-919\" title=\"IMG_1213\" src=\"http:\/\/fanfaredubono.fr\/wp-content\/uploads\/IMG_12131-300x117.jpg\" alt=\"Fanfare du Bono \u00e0 Arradon\" width=\"600\" height=\"234\" srcset=\"https:\/\/fanfaredubono.fr\/wp-content\/uploads\/IMG_12131-300x117.jpg 300w, https:\/\/fanfaredubono.fr\/wp-content\/uploads\/IMG_12131.jpg 900w\" sizes=\"auto, (max-width: 600px) 100vw, 600px\" \/><\/a><\/p>\r\n<p style=\"text-align: center;\">Galerie des photos de St\u00e9phane lors du stage de la fanfare chez Catherine<\/p>\r\n<p style=\"text-align: center;\"><a title=\"Stage chez Catherine\" href=\"http:\/\/fanfaredubono.fr\/?page_id=5\"><img loading=\"lazy\" decoding=\"async\" class=\"aligncenter size-full wp-image-431\" title=\"DSC_2481\" src=\"http:\/\/fanfaredubono.fr\/wp-content\/uploads\/DSC_24811.jpg\" alt=\"\" width=\"768\" height=\"510\" srcset=\"https:\/\/fanfaredubono.fr\/wp-content\/uploads\/DSC_24811.jpg 800w, https:\/\/fanfaredubono.fr\/wp-content\/uploads\/DSC_24811-300x199.jpg 300w\" sizes=\"auto, (max-width: 768px) 100vw, 768px\" \/><\/a><\/p>\r\n\r\n<h2 class=\"wp-block-heading\">\u00a0<\/h2>\r\n","protected":false},"excerpt":{"rendered":"<p>25 avril : Tourn\u00e9e du Top 14 \u00e0 Vannes 7 mars : Carnaval d&rsquo;Etel 20 d\u00e9cembre : No\u00ebl \u00e0 Vannes 29 novembre : \u00ab\u00a0Faites\u00a0\u00bb des lumi\u00e8res de Kercado \u00e0 Vannes 15 novembre : L&rsquo;Etage avec Babylone Circus 15 novembre : &hellip; <a href=\"https:\/\/fanfaredubono.fr\/index.php\/partitions\/new-blood\/photos-2\/\">Continuer la lecture <span class=\"meta-nav\">&rarr;<\/span><\/a><\/p>\n","protected":false},"author":1,"featured_media":9111,"parent":5257,"menu_order":3,"comment_status":"closed","ping_status":"closed","template":"onecolumn-page.php","meta":{"footnotes":"","_links_to":"","_links_to_target":""},"class_list":["post-653","page","type-page","status-publish","has-post-thumbnail","hentry"],"_links":{"self":[{"href":"https:\/\/fanfaredubono.fr\/index.php\/wp-json\/wp\/v2\/pages\/653","targetHints":{"allow":["GET"]}}],"collection":[{"href":"https:\/\/fanfaredubono.fr\/index.php\/wp-json\/wp\/v2\/pages"}],"about":[{"href":"https:\/\/fanfaredubono.fr\/index.php\/wp-json\/wp\/v2\/types\/page"}],"author":[{"embeddable":true,"href":"https:\/\/fanfaredubono.fr\/index.php\/wp-json\/wp\/v2\/users\/1"}],"replies":[{"embeddable":true,"href":"https:\/\/fanfaredubono.fr\/index.php\/wp-json\/wp\/v2\/comments?post=653"}],"version-history":[{"count":85,"href":"https:\/\/fanfaredubono.fr\/index.php\/wp-json\/wp\/v2\/pages\/653\/revisions"}],"predecessor-version":[{"id":9848,"href":"https:\/\/fanfaredubono.fr\/index.php\/wp-json\/wp\/v2\/pages\/653\/revisions\/9848"}],"up":[{"embeddable":true,"href":"https:\/\/fanfaredubono.fr\/index.php\/wp-json\/wp\/v2\/pages\/5257"}],"wp:featuredmedia":[{"embeddable":true,"href":"https:\/\/fanfaredubono.fr\/index.php\/wp-json\/wp\/v2\/media\/9111"}],"wp:attachment":[{"href":"https:\/\/fanfaredubono.fr\/index.php\/wp-json\/wp\/v2\/media?parent=653"}],"curies":[{"name":"wp","href":"https:\/\/api.w.org\/{rel}","templated":true}]}}